{"id":5648,"date":"2022-11-02T16:25:59","date_gmt":"2022-11-02T16:25:59","guid":{"rendered":"http:\/\/turismo.elpedroso.es\/?page_id=5648"},"modified":"2023-07-12T18:30:01","modified_gmt":"2023-07-12T18:30:01","slug":"kenne-den-stein","status":"publish","type":"page","link":"https:\/\/turismo.elpedroso.es\/de\/conoce-el-pedroso\/","title":{"rendered":"Lernen Sie El Pedroso kennen"},"content":{"rendered":"\t\t<div data-elementor-type=\"wp-page\" data-elementor-id=\"5648\" class=\"elementor elementor-5648\" data-elementor-post-type=\"page\">\n\t\t\t\t\t\t<section class=\"elementor-section elementor-top-section elementor-element elementor-element-b2656d0 elementor-section-full_width elementor-section-height-min-height elementor-section-stretched elementor-section-height-default elementor-section-items-middle\" data-id=\"b2656d0\" data-element_type=\"section\" data-e-type=\"section\" data-settings=\"{&quot;stretch_section&quot;:&quot;section-stretched&quot;,&quot;background_background&quot;:&quot;classic&quot;}\">\n\t\t\t\t\t\t\t<div class=\"elementor-background-overlay\"><\/div>\n\t\t\t\t\t\t\t<div class=\"elementor-container elementor-column-gap-default\">\n\t\t\t\t\t<div class=\"elementor-column elementor-col-100 elementor-top-column elementor-element elementor-element-593ecb6\" data-id=\"593ecb6\" data-element_type=\"column\" data-e-type=\"column\">\n\t\t\t<div class=\"elementor-widget-wrap elementor-element-populated\">\n\t\t\t\t\t\t<div class=\"elementor-element elementor-element-91399a3 elementor-widget elementor-widget-heading\" data-id=\"91399a3\" data-element_type=\"widget\" data-e-type=\"widget\" data-widget_type=\"heading.default\">\n\t\t\t\t<div class=\"elementor-widget-container\">\n\t\t\t\t\t<h1 class=\"elementor-heading-title elementor-size-default\">Conoce El Pedroso<\/h1>\t\t\t\t<\/div>\n\t\t\t\t<\/div>\n\t\t\t\t\t<\/div>\n\t\t<\/div>\n\t\t\t\t\t<\/div>\n\t\t<\/section>\n\t\t\t\t<section class=\"elementor-section elementor-top-section elementor-element elementor-element-e717570 elementor-section-height-min-height elementor-section-boxed elementor-section-height-default elementor-section-items-middle\" data-id=\"e717570\" data-element_type=\"section\" data-e-type=\"section\">\n\t\t\t\t\t\t<div class=\"elementor-container elementor-column-gap-default\">\n\t\t\t\t\t<div class=\"elementor-column elementor-col-50 elementor-top-column elementor-element elementor-element-d2bcbde\" data-id=\"d2bcbde\" data-element_type=\"column\" data-e-type=\"column\">\n\t\t\t<div class=\"elementor-widget-wrap elementor-element-populated\">\n\t\t\t\t\t\t<div class=\"elementor-element elementor-element-86427d6 elementor-widget elementor-widget-spacer\" data-id=\"86427d6\" data-element_type=\"widget\" data-e-type=\"widget\" data-widget_type=\"spacer.default\">\n\t\t\t\t<div class=\"elementor-widget-container\">\n\t\t\t\t\t\t\t<div class=\"elementor-spacer\">\n\t\t\t<div class=\"elementor-spacer-inner\"><\/div>\n\t\t<\/div>\n\t\t\t\t\t\t<\/div>\n\t\t\t\t<\/div>\n\t\t\t\t<div class=\"elementor-element elementor-element-d707cd0 elementor-widget elementor-widget-heading\" data-id=\"d707cd0\" data-element_type=\"widget\" data-e-type=\"widget\" data-widget_type=\"heading.default\">\n\t\t\t\t<div class=\"elementor-widget-container\">\n\t\t\t\t\t<h2 class=\"elementor-heading-title elementor-size-default\">El Pedroso es un lugar fant\u00e1stico para conectar con tu mejor versi\u00f3n. Descubre un pueblo cargado de historia, cultura, naturaleza y mucha calidez para vivir un viaje \u00fanico en el Parque Natural de la Sierra Norte.<\/h2>\t\t\t\t<\/div>\n\t\t\t\t<\/div>\n\t\t\t\t<div class=\"elementor-element elementor-element-c58f131 elementor-widget-divider--view-line elementor-widget elementor-widget-divider\" data-id=\"c58f131\" data-element_type=\"widget\" data-e-type=\"widget\" data-widget_type=\"divider.default\">\n\t\t\t\t<div class=\"elementor-widget-container\">\n\t\t\t\t\t\t\t<div class=\"elementor-divider\">\n\t\t\t<span class=\"elementor-divider-separator\">\n\t\t\t\t\t\t<\/span>\n\t\t<\/div>\n\t\t\t\t\t\t<\/div>\n\t\t\t\t<\/div>\n\t\t\t\t<div class=\"elementor-element elementor-element-4234b62 elementor-widget elementor-widget-text-editor\" data-id=\"4234b62\" data-element_type=\"widget\" data-e-type=\"widget\" data-widget_type=\"text-editor.default\">\n\t\t\t\t<div class=\"elementor-widget-container\">\n\t\t\t\t\t\t\t\t\t<div><div>Te abrimos sus puertas para que pases un momento de restauraci\u00f3n en su Sierra, para disfrutar de un excepcional turismo de naturaleza. Visita sus monumentos hist\u00f3ricos, conoce la cultura e historia del interior de Sevilla desde un nuevo punto de vista con todo lo que guarda El Pedroso dentro de su turismo rural.<\/div><br \/><div>Adem\u00e1s, estamos integrados en la Carta Europea de Turismo Sostenible en Espacios Protegidos de Andaluc\u00eda. Y somos part\u00edcipes de la Red Mundial de Reservas de la Biosfera. \u00a1Ah\u00ed es nada!<\/div><\/div>\t\t\t\t\t\t\t\t<\/div>\n\t\t\t\t<\/div>\n\t\t\t\t\t<\/div>\n\t\t<\/div>\n\t\t\t\t<div class=\"elementor-column elementor-col-50 elementor-top-column elementor-element elementor-element-9256f8b\" data-id=\"9256f8b\" data-element_type=\"column\" data-e-type=\"column\">\n\t\t\t<div class=\"elementor-widget-wrap elementor-element-populated\">\n\t\t\t\t\t\t<div class=\"elementor-element elementor-element-dd96ed8 elementor-widget elementor-widget-image\" data-id=\"dd96ed8\" data-element_type=\"widget\" data-e-type=\"widget\" data-settings=\"{&quot;motion_fx_motion_fx_scrolling&quot;:&quot;yes&quot;,&quot;motion_fx_translateX_effect&quot;:&quot;yes&quot;,&quot;motion_fx_translateX_direction&quot;:&quot;negative&quot;,&quot;motion_fx_translateX_speed&quot;:{&quot;unit&quot;:&quot;px&quot;,&quot;size&quot;:8,&quot;sizes&quot;:[]},&quot;motion_fx_translateX_affectedRange&quot;:{&quot;unit&quot;:&quot;%&quot;,&quot;size&quot;:&quot;&quot;,&quot;sizes&quot;:{&quot;start&quot;:0,&quot;end&quot;:50}},&quot;motion_fx_scale_effect&quot;:&quot;yes&quot;,&quot;motion_fx_scale_direction&quot;:&quot;in-out&quot;,&quot;motion_fx_scale_speed&quot;:{&quot;unit&quot;:&quot;px&quot;,&quot;size&quot;:-10,&quot;sizes&quot;:[]},&quot;motion_fx_scale_range&quot;:{&quot;unit&quot;:&quot;%&quot;,&quot;size&quot;:&quot;&quot;,&quot;sizes&quot;:{&quot;start&quot;:0,&quot;end&quot;:50}},&quot;motion_fx_devices&quot;:[&quot;desktop&quot;,&quot;tablet&quot;,&quot;mobile&quot;]}\" data-widget_type=\"image.default\">\n\t\t\t\t<div class=\"elementor-widget-container\">\n\t\t\t\t\t\t\t\t\t\t\t\t\t\t\t<img fetchpriority=\"high\" decoding=\"async\" width=\"720\" height=\"482\" src=\"https:\/\/turismo.elpedroso.es\/wp-content\/uploads\/2022\/09\/2012544Master.jpg\" class=\"attachment-full size-full wp-image-5524\" alt=\"\" srcset=\"https:\/\/turismo.elpedroso.es\/wp-content\/uploads\/2022\/09\/2012544Master.jpg 720w, https:\/\/turismo.elpedroso.es\/wp-content\/uploads\/2022\/09\/2012544Master-300x201.jpg 300w\" sizes=\"(max-width: 720px) 100vw, 720px\" \/>\t\t\t\t\t\t\t\t\t\t\t\t\t\t\t<\/div>\n\t\t\t\t<\/div>\n\t\t\t\t\t<\/div>\n\t\t<\/div>\n\t\t\t\t\t<\/div>\n\t\t<\/section>\n\t\t\t\t<section class=\"elementor-section elementor-top-section elementor-element elementor-element-1d45979 elementor-section-height-min-height elementor-section-items-top elementor-section-boxed elementor-section-height-default\" data-id=\"1d45979\" data-element_type=\"section\" data-e-type=\"section\" data-settings=\"{&quot;shape_divider_bottom&quot;:&quot;curve&quot;,&quot;shape_divider_bottom_negative&quot;:&quot;yes&quot;}\">\n\t\t\t\t\t<div class=\"elementor-shape elementor-shape-bottom\" aria-hidden=\"true\" data-negative=\"true\">\n\t\t\t<svg xmlns=\"http:\/\/www.w3.org\/2000\/svg\" viewBox=\"0 0 1000 100\" preserveAspectRatio=\"none\">\n\t<path class=\"elementor-shape-fill\" d=\"M500,97C126.7,96.3,0.8,19.8,0,0v100l1000,0V1C1000,19.4,873.3,97.8,500,97z\"\/>\n<\/svg>\t\t<\/div>\n\t\t\t\t\t<div class=\"elementor-container elementor-column-gap-default\">\n\t\t\t\t\t<div class=\"elementor-column elementor-col-50 elementor-top-column elementor-element elementor-element-9e7a2f3\" data-id=\"9e7a2f3\" data-element_type=\"column\" data-e-type=\"column\" data-settings=\"{&quot;background_background&quot;:&quot;classic&quot;}\">\n\t\t\t<div class=\"elementor-widget-wrap elementor-element-populated\">\n\t\t\t\t\t\t<div class=\"elementor-element elementor-element-1e2305f elementor-widget elementor-widget-video\" data-id=\"1e2305f\" data-element_type=\"widget\" data-e-type=\"widget\" data-settings=\"{&quot;video_type&quot;:&quot;vimeo&quot;}\" data-widget_type=\"video.default\">\n\t\t\t\t<div class=\"elementor-widget-container\">\n\t\t\t\t\t\t\t<div class=\"elementor-wrapper elementor-open-inline\">\n\t\t\t<iframe class=\"elementor-video-iframe\" allowfullscreen allow=\"clipboard-write\" title=\"Reproductor de v\u00eddeo vimeo\" src=\"https:\/\/player.vimeo.com\/video\/844675713?color&amp;autopause=0&amp;loop=0&amp;muted=0&amp;title=1&amp;portrait=1&amp;byline=1#t=\"><\/iframe>\t\t<\/div>\n\t\t\t\t\t\t<\/div>\n\t\t\t\t<\/div>\n\t\t\t\t\t<\/div>\n\t\t<\/div>\n\t\t\t\t<div class=\"elementor-column elementor-col-50 elementor-top-column elementor-element elementor-element-571fab9\" data-id=\"571fab9\" data-element_type=\"column\" data-e-type=\"column\">\n\t\t\t<div class=\"elementor-widget-wrap elementor-element-populated\">\n\t\t\t\t\t\t<div class=\"elementor-element elementor-element-6e87d8d elementor-widget elementor-widget-heading\" data-id=\"6e87d8d\" data-element_type=\"widget\" data-e-type=\"widget\" data-widget_type=\"heading.default\">\n\t\t\t\t<div class=\"elementor-widget-container\">\n\t\t\t\t\t<h2 class=\"elementor-heading-title elementor-size-default\">El Pedroso tiene todo lo que est\u00e1s buscando\n<\/h2>\t\t\t\t<\/div>\n\t\t\t\t<\/div>\n\t\t\t\t<div class=\"elementor-element elementor-element-3465541 elementor-widget-divider--view-line elementor-widget elementor-widget-divider\" data-id=\"3465541\" data-element_type=\"widget\" data-e-type=\"widget\" data-widget_type=\"divider.default\">\n\t\t\t\t<div class=\"elementor-widget-container\">\n\t\t\t\t\t\t\t<div class=\"elementor-divider\">\n\t\t\t<span class=\"elementor-divider-separator\">\n\t\t\t\t\t\t<\/span>\n\t\t<\/div>\n\t\t\t\t\t\t<\/div>\n\t\t\t\t<\/div>\n\t\t\t\t<div class=\"elementor-element elementor-element-371006d elementor-widget elementor-widget-text-editor\" data-id=\"371006d\" data-element_type=\"widget\" data-e-type=\"widget\" data-widget_type=\"text-editor.default\">\n\t\t\t\t<div class=\"elementor-widget-container\">\n\t\t\t\t\t\t\t\t\t<p style=\"margin: 0cm 0cm 0.0001pt; background-image: initial; background-position: initial; background-size: initial; background-repeat: initial; background-attachment: initial; background-origin: initial; background-clip: initial;\"><span style=\"font-weight: 400;\">La pregunta de siempre antes de realizar un viaje: \u00bfelegir descanso y tranquilidad, o un sitio emocionante para conocer? En El Pedroso, \u00a1tienes todo! La aventura de descubrir la historia, la naturaleza y cultura de la regi\u00f3n, celebraciones como en ning\u00fan otro lugar; descubrir sabores nuevos con nuestra gastronom\u00eda y revitalizarte en la naturaleza m\u00e1s pura en nuestros alojamientos rurales.<\/span><\/p>\t\t\t\t\t\t\t\t<\/div>\n\t\t\t\t<\/div>\n\t\t\t\t<div class=\"elementor-element elementor-element-620ead6 elementor-widget elementor-widget-text-editor\" data-id=\"620ead6\" data-element_type=\"widget\" data-e-type=\"widget\" data-widget_type=\"text-editor.default\">\n\t\t\t\t<div class=\"elementor-widget-container\">\n\t\t\t\t\t\t\t\t\t<p style=\"margin: 0cm 0cm 0.0001pt; background-image: initial; background-position: initial; background-size: initial; background-repeat: initial; background-attachment: initial; background-origin: initial; background-clip: initial;\"><span style=\"font-weight: 400;\">Porque sabemos que tiene todo lo que deseas para tu viaje, queremos invitarte a conocer El Pedroso en todo su esplendor. Te damos un repaso de todo lo que no puedes perderte en tu visita.<\/span><\/p>\t\t\t\t\t\t\t\t<\/div>\n\t\t\t\t<\/div>\n\t\t\t\t<div class=\"elementor-element elementor-element-a4d157b elementor-widget elementor-widget-spacer\" data-id=\"a4d157b\" data-element_type=\"widget\" data-e-type=\"widget\" data-widget_type=\"spacer.default\">\n\t\t\t\t<div class=\"elementor-widget-container\">\n\t\t\t\t\t\t\t<div class=\"elementor-spacer\">\n\t\t\t<div class=\"elementor-spacer-inner\"><\/div>\n\t\t<\/div>\n\t\t\t\t\t\t<\/div>\n\t\t\t\t<\/div>\n\t\t\t\t\t<\/div>\n\t\t<\/div>\n\t\t\t\t\t<\/div>\n\t\t<\/section>\n\t\t\t\t<section class=\"elementor-section elementor-top-section elementor-element elementor-element-83db7db elementor-section-stretched elementor-reverse-tablet elementor-reverse-mobile elementor-section-boxed elementor-section-height-default elementor-section-height-default\" data-id=\"83db7db\" data-element_type=\"section\" data-e-type=\"section\" data-settings=\"{&quot;stretch_section&quot;:&quot;section-stretched&quot;,&quot;background_background&quot;:&quot;classic&quot;,&quot;background_motion_fx_motion_fx_scrolling&quot;:&quot;yes&quot;,&quot;background_motion_fx_translateY_effect&quot;:&quot;yes&quot;,&quot;background_motion_fx_translateY_speed&quot;:{&quot;unit&quot;:&quot;px&quot;,&quot;size&quot;:4,&quot;sizes&quot;:[]},&quot;background_motion_fx_translateY_affectedRange&quot;:{&quot;unit&quot;:&quot;%&quot;,&quot;size&quot;:&quot;&quot;,&quot;sizes&quot;:{&quot;start&quot;:0,&quot;end&quot;:100}},&quot;background_motion_fx_devices&quot;:[&quot;desktop&quot;,&quot;tablet&quot;,&quot;mobile&quot;]}\">\n\t\t\t\t\t\t<div class=\"elementor-container elementor-column-gap-default\">\n\t\t\t\t\t<div class=\"elementor-column elementor-col-100 elementor-top-column elementor-element elementor-element-b3228fa\" data-id=\"b3228fa\" data-element_type=\"column\" data-e-type=\"column\">\n\t\t\t<div class=\"elementor-widget-wrap elementor-element-populated\">\n\t\t\t\t\t\t<div class=\"elementor-element elementor-element-5d7c7cb elementor-widget elementor-widget-spacer\" data-id=\"5d7c7cb\" data-element_type=\"widget\" data-e-type=\"widget\" data-widget_type=\"spacer.default\">\n\t\t\t\t<div class=\"elementor-widget-container\">\n\t\t\t\t\t\t\t<div class=\"elementor-spacer\">\n\t\t\t<div class=\"elementor-spacer-inner\"><\/div>\n\t\t<\/div>\n\t\t\t\t\t\t<\/div>\n\t\t\t\t<\/div>\n\t\t\t\t<div class=\"elementor-element elementor-element-6adbbf7 elementor-widget elementor-widget-heading\" data-id=\"6adbbf7\" data-element_type=\"widget\" data-e-type=\"widget\" data-widget_type=\"heading.default\">\n\t\t\t\t<div class=\"elementor-widget-container\">\n\t\t\t\t\t<h2 class=\"elementor-heading-title elementor-size-default\">El Pedroso tiene todo lo que est\u00e1s buscando\n<\/h2>\t\t\t\t<\/div>\n\t\t\t\t<\/div>\n\t\t\t\t<div class=\"elementor-element elementor-element-0065c52 elementor-widget elementor-widget-spacer\" data-id=\"0065c52\" data-element_type=\"widget\" data-e-type=\"widget\" data-widget_type=\"spacer.default\">\n\t\t\t\t<div class=\"elementor-widget-container\">\n\t\t\t\t\t\t\t<div class=\"elementor-spacer\">\n\t\t\t<div class=\"elementor-spacer-inner\"><\/div>\n\t\t<\/div>\n\t\t\t\t\t\t<\/div>\n\t\t\t\t<\/div>\n\t\t\t\t<div class=\"elementor-element elementor-element-848ec4c elementor-widget elementor-widget-heading\" data-id=\"848ec4c\" data-element_type=\"widget\" data-e-type=\"widget\" data-widget_type=\"heading.default\">\n\t\t\t\t<div class=\"elementor-widget-container\">\n\t\t\t\t\t<p class=\"elementor-heading-title elementor-size-default\">Mantente siempre conectado con nuestra app m\u00f3vil. Toda la informaci\u00f3n al alcance de tu mano durante tu viaje o la planificaci\u00f3n del mismo. Recibe al instante las novedades para que no te falte nada en tu visita a El Pedroso.<\/p>\t\t\t\t<\/div>\n\t\t\t\t<\/div>\n\t\t\t\t<div class=\"elementor-element elementor-element-bdf335c elementor-invisible elementor-widget elementor-widget-image\" data-id=\"bdf335c\" data-element_type=\"widget\" data-e-type=\"widget\" data-settings=\"{&quot;_animation&quot;:&quot;fadeIn&quot;}\" data-widget_type=\"image.default\">\n\t\t\t\t<div class=\"elementor-widget-container\">\n\t\t\t\t\t\t\t\t\t\t\t\t\t\t\t<img decoding=\"async\" width=\"1538\" height=\"1294\" src=\"https:\/\/turismo.elpedroso.es\/wp-content\/uploads\/2022\/09\/phone-pedroso.jpg\" class=\"attachment-full size-full wp-image-5374\" alt=\"\" srcset=\"https:\/\/turismo.elpedroso.es\/wp-content\/uploads\/2022\/09\/phone-pedroso.jpg 1538w, https:\/\/turismo.elpedroso.es\/wp-content\/uploads\/2022\/09\/phone-pedroso-300x252.jpg 300w, https:\/\/turismo.elpedroso.es\/wp-content\/uploads\/2022\/09\/phone-pedroso-1024x862.jpg 1024w, https:\/\/turismo.elpedroso.es\/wp-content\/uploads\/2022\/09\/phone-pedroso-768x646.jpg 768w, https:\/\/turismo.elpedroso.es\/wp-content\/uploads\/2022\/09\/phone-pedroso-1536x1292.jpg 1536w\" sizes=\"(max-width: 1538px) 100vw, 1538px\" \/>\t\t\t\t\t\t\t\t\t\t\t\t\t\t\t<\/div>\n\t\t\t\t<\/div>\n\t\t\t\t<div class=\"elementor-element elementor-element-f2be1fd elementor-widget__width-initial elementor-widget elementor-widget-image\" data-id=\"f2be1fd\" data-element_type=\"widget\" data-e-type=\"widget\" data-widget_type=\"image.default\">\n\t\t\t\t<div class=\"elementor-widget-container\">\n\t\t\t\t\t\t\t\t\t\t\t\t\t\t\t\t<a href=\"https:\/\/apps.apple.com\/us\/app\/el-pedroso\/id1642764230%20\" target=\"_blank\">\n\t\t\t\t\t\t\t<img decoding=\"async\" width=\"200\" height=\"60\" src=\"https:\/\/turismo.elpedroso.es\/wp-content\/uploads\/2023\/03\/ios.png\" class=\"elementor-animation-shrink attachment-full size-full wp-image-7702\" alt=\"\" \/>\t\t\t\t\t\t\t\t<\/a>\n\t\t\t\t\t\t\t\t\t\t\t\t\t\t\t<\/div>\n\t\t\t\t<\/div>\n\t\t\t\t<div class=\"elementor-element elementor-element-36d9aaa elementor-widget__width-initial elementor-widget elementor-widget-image\" data-id=\"36d9aaa\" data-element_type=\"widget\" data-e-type=\"widget\" data-widget_type=\"image.default\">\n\t\t\t\t<div class=\"elementor-widget-container\">\n\t\t\t\t\t\t\t\t\t\t\t\t\t\t\t\t<a href=\"https:\/\/play.google.com\/store\/apps\/details?id=nattule.pedroso&#038;hl\" target=\"_blank\">\n\t\t\t\t\t\t\t<img loading=\"lazy\" decoding=\"async\" width=\"200\" height=\"60\" src=\"https:\/\/turismo.elpedroso.es\/wp-content\/uploads\/2023\/03\/android.png\" class=\"elementor-animation-shrink attachment-full size-full wp-image-7706\" alt=\"\" \/>\t\t\t\t\t\t\t\t<\/a>\n\t\t\t\t\t\t\t\t\t\t\t\t\t\t\t<\/div>\n\t\t\t\t<\/div>\n\t\t\t\t<div class=\"elementor-element elementor-element-ce2d22f elementor-widget elementor-widget-spacer\" data-id=\"ce2d22f\" data-element_type=\"widget\" data-e-type=\"widget\" data-widget_type=\"spacer.default\">\n\t\t\t\t<div class=\"elementor-widget-container\">\n\t\t\t\t\t\t\t<div class=\"elementor-spacer\">\n\t\t\t<div class=\"elementor-spacer-inner\"><\/div>\n\t\t<\/div>\n\t\t\t\t\t\t<\/div>\n\t\t\t\t<\/div>\n\t\t\t\t\t<\/div>\n\t\t<\/div>\n\t\t\t\t\t<\/div>\n\t\t<\/section>\n\t\t\t\t<section class=\"elementor-section elementor-top-section elementor-element elementor-element-6420c2c elementor-section-height-min-height elementor-section-boxed elementor-section-height-default elementor-section-items-middle\" data-id=\"6420c2c\" data-element_type=\"section\" data-e-type=\"section\" data-settings=\"{&quot;shape_divider_top&quot;:&quot;curve&quot;,&quot;shape_divider_top_negative&quot;:&quot;yes&quot;}\">\n\t\t\t\t\t<div class=\"elementor-shape elementor-shape-top\" aria-hidden=\"true\" data-negative=\"true\">\n\t\t\t<svg xmlns=\"http:\/\/www.w3.org\/2000\/svg\" viewBox=\"0 0 1000 100\" preserveAspectRatio=\"none\">\n\t<path class=\"elementor-shape-fill\" d=\"M500,97C126.7,96.3,0.8,19.8,0,0v100l1000,0V1C1000,19.4,873.3,97.8,500,97z\"\/>\n<\/svg>\t\t<\/div>\n\t\t\t\t\t<div class=\"elementor-container elementor-column-gap-default\">\n\t\t\t\t\t<div class=\"elementor-column elementor-col-50 elementor-top-column elementor-element elementor-element-b36565b\" data-id=\"b36565b\" data-element_type=\"column\" data-e-type=\"column\">\n\t\t\t<div class=\"elementor-widget-wrap elementor-element-populated\">\n\t\t\t\t\t\t<div class=\"elementor-element elementor-element-6b9eff7 elementor-widget elementor-widget-image\" data-id=\"6b9eff7\" data-element_type=\"widget\" data-e-type=\"widget\" data-settings=\"{&quot;motion_fx_motion_fx_scrolling&quot;:&quot;yes&quot;,&quot;motion_fx_translateX_effect&quot;:&quot;yes&quot;,&quot;motion_fx_translateX_direction&quot;:&quot;negative&quot;,&quot;motion_fx_translateX_speed&quot;:{&quot;unit&quot;:&quot;px&quot;,&quot;size&quot;:8,&quot;sizes&quot;:[]},&quot;motion_fx_translateX_affectedRange&quot;:{&quot;unit&quot;:&quot;%&quot;,&quot;size&quot;:&quot;&quot;,&quot;sizes&quot;:{&quot;start&quot;:0,&quot;end&quot;:50}},&quot;motion_fx_scale_effect&quot;:&quot;yes&quot;,&quot;motion_fx_scale_direction&quot;:&quot;in-out&quot;,&quot;motion_fx_scale_speed&quot;:{&quot;unit&quot;:&quot;px&quot;,&quot;size&quot;:-10,&quot;sizes&quot;:[]},&quot;motion_fx_scale_range&quot;:{&quot;unit&quot;:&quot;%&quot;,&quot;size&quot;:&quot;&quot;,&quot;sizes&quot;:{&quot;start&quot;:0,&quot;end&quot;:50}},&quot;motion_fx_devices&quot;:[&quot;desktop&quot;,&quot;tablet&quot;,&quot;mobile&quot;]}\" data-widget_type=\"image.default\">\n\t\t\t\t<div class=\"elementor-widget-container\">\n\t\t\t\t\t\t\t\t\t\t\t\t\t\t\t<img loading=\"lazy\" decoding=\"async\" width=\"2483\" height=\"1531\" src=\"https:\/\/turismo.elpedroso.es\/wp-content\/uploads\/2022\/12\/DJI_0582.jpeg\" class=\"attachment-full size-full wp-image-7318\" alt=\"\" srcset=\"https:\/\/turismo.elpedroso.es\/wp-content\/uploads\/2022\/12\/DJI_0582.jpeg 2483w, https:\/\/turismo.elpedroso.es\/wp-content\/uploads\/2022\/12\/DJI_0582-300x185.jpeg 300w, https:\/\/turismo.elpedroso.es\/wp-content\/uploads\/2022\/12\/DJI_0582-1024x631.jpeg 1024w, https:\/\/turismo.elpedroso.es\/wp-content\/uploads\/2022\/12\/DJI_0582-768x474.jpeg 768w, https:\/\/turismo.elpedroso.es\/wp-content\/uploads\/2022\/12\/DJI_0582-1536x947.jpeg 1536w, https:\/\/turismo.elpedroso.es\/wp-content\/uploads\/2022\/12\/DJI_0582-2048x1263.jpeg 2048w\" sizes=\"(max-width: 2483px) 100vw, 2483px\" \/>\t\t\t\t\t\t\t\t\t\t\t\t\t\t\t<\/div>\n\t\t\t\t<\/div>\n\t\t\t\t\t<\/div>\n\t\t<\/div>\n\t\t\t\t<div class=\"elementor-column elementor-col-50 elementor-top-column elementor-element elementor-element-53e7671\" data-id=\"53e7671\" data-element_type=\"column\" data-e-type=\"column\">\n\t\t\t<div class=\"elementor-widget-wrap elementor-element-populated\">\n\t\t\t\t\t\t<div class=\"elementor-element elementor-element-86229b7 elementor-widget elementor-widget-spacer\" data-id=\"86229b7\" data-element_type=\"widget\" data-e-type=\"widget\" data-widget_type=\"spacer.default\">\n\t\t\t\t<div class=\"elementor-widget-container\">\n\t\t\t\t\t\t\t<div class=\"elementor-spacer\">\n\t\t\t<div class=\"elementor-spacer-inner\"><\/div>\n\t\t<\/div>\n\t\t\t\t\t\t<\/div>\n\t\t\t\t<\/div>\n\t\t\t\t<div class=\"elementor-element elementor-element-4d24613 elementor-widget elementor-widget-heading\" data-id=\"4d24613\" data-element_type=\"widget\" data-e-type=\"widget\" data-widget_type=\"heading.default\">\n\t\t\t\t<div class=\"elementor-widget-container\">\n\t\t\t\t\t<h2 class=\"elementor-heading-title elementor-size-default\">Coraz\u00f3n de la Sierra Morena Sevillana\n<\/h2>\t\t\t\t<\/div>\n\t\t\t\t<\/div>\n\t\t\t\t<div class=\"elementor-element elementor-element-c9410c0 elementor-widget-divider--view-line elementor-widget elementor-widget-divider\" data-id=\"c9410c0\" data-element_type=\"widget\" data-e-type=\"widget\" data-widget_type=\"divider.default\">\n\t\t\t\t<div class=\"elementor-widget-container\">\n\t\t\t\t\t\t\t<div class=\"elementor-divider\">\n\t\t\t<span class=\"elementor-divider-separator\">\n\t\t\t\t\t\t<\/span>\n\t\t<\/div>\n\t\t\t\t\t\t<\/div>\n\t\t\t\t<\/div>\n\t\t\t\t<div class=\"elementor-element elementor-element-4f73e79 elementor-widget elementor-widget-text-editor\" data-id=\"4f73e79\" data-element_type=\"widget\" data-e-type=\"widget\" data-widget_type=\"text-editor.default\">\n\t\t\t\t<div class=\"elementor-widget-container\">\n\t\t\t\t\t\t\t\t\t<p style=\"margin: 0cm 0cm 0.0001pt; background-image: initial; background-position: initial; background-size: initial; background-repeat: initial; background-attachment: initial; background-origin: initial; background-clip: initial;\"><span style=\"font-family: Jost, serif;\">El Pedroso est\u00e1 situado al N.E. de la provincia de Sevilla, a 60 Km de la capital, y se la puede considerar la puerta de entrada de la\u00a0<\/span><strong><span style=\"font-family: Jost, serif;\">comarca de la Sierra Morena de Sevilla<\/span><\/strong><span style=\"font-family: Jost, serif;\">. Tiene una extensi\u00f3n de 314 Km\u00b2, lo que supone el 14,45 % del territorio total de la comarca; se sit\u00faa a una altura media de 415 m. sobre el nivel del mar, a una latitud de 37\u00ba 50&#8242; y una longitud de 5\u00ba 45&#8242;.<\/span><\/p><p>\u00a0<\/p><p style=\"margin: 0cm 0cm 0.0001pt; background-image: initial; background-position: initial; background-size: initial; background-repeat: initial; background-attachment: initial; background-origin: initial; background-clip: initial;\"><span style=\"font-family: Jost, serif;\">Su situaci\u00f3n en las ramificaciones meridionales de\u00a0<\/span><strong><span style=\"font-family: Jost, serif;\">Sierra Morena<\/span><\/strong><span style=\"font-family: Jost, serif;\">\u00a0le da a su paisaje una fisonom\u00eda especial, con monta\u00f1as alomadas de escasa altura, siendo la m\u00e1s alta el Cerro de La Lima con 678 metros. Estas monta\u00f1as son ricas en minerales, sobre todo hierro, en algunas zonas tambi\u00e9n aparecen afloramientos gran\u00edticos, que le dan a nuestro territorio un aspecto peculiar.<\/span><\/p>\t\t\t\t\t\t\t\t<\/div>\n\t\t\t\t<\/div>\n\t\t\t\t\t<\/div>\n\t\t<\/div>\n\t\t\t\t\t<\/div>\n\t\t<\/section>\n\t\t\t\t<section class=\"elementor-section elementor-top-section elementor-element elementor-element-9192424 elementor-section-height-min-height elementor-section-boxed elementor-section-height-default elementor-section-items-middle\" data-id=\"9192424\" data-element_type=\"section\" data-e-type=\"section\">\n\t\t\t\t\t\t<div class=\"elementor-container elementor-column-gap-default\">\n\t\t\t\t\t<div class=\"elementor-column elementor-col-50 elementor-top-column elementor-element elementor-element-bf9622e\" data-id=\"bf9622e\" data-element_type=\"column\" data-e-type=\"column\">\n\t\t\t<div class=\"elementor-widget-wrap elementor-element-populated\">\n\t\t\t\t\t\t<div class=\"elementor-element elementor-element-6d82191 elementor-widget elementor-widget-heading\" data-id=\"6d82191\" data-element_type=\"widget\" data-e-type=\"widget\" data-widget_type=\"heading.default\">\n\t\t\t\t<div class=\"elementor-widget-container\">\n\t\t\t\t\t<h2 class=\"elementor-heading-title elementor-size-default\">Naturaleza en estado puro\n<\/h2>\t\t\t\t<\/div>\n\t\t\t\t<\/div>\n\t\t\t\t<div class=\"elementor-element elementor-element-c94fb7f elementor-widget-divider--view-line elementor-widget elementor-widget-divider\" data-id=\"c94fb7f\" data-element_type=\"widget\" data-e-type=\"widget\" data-widget_type=\"divider.default\">\n\t\t\t\t<div class=\"elementor-widget-container\">\n\t\t\t\t\t\t\t<div class=\"elementor-divider\">\n\t\t\t<span class=\"elementor-divider-separator\">\n\t\t\t\t\t\t<\/span>\n\t\t<\/div>\n\t\t\t\t\t\t<\/div>\n\t\t\t\t<\/div>\n\t\t\t\t<div class=\"elementor-element elementor-element-afaf581 elementor-widget elementor-widget-text-editor\" data-id=\"afaf581\" data-element_type=\"widget\" data-e-type=\"widget\" data-widget_type=\"text-editor.default\">\n\t\t\t\t<div class=\"elementor-widget-container\">\n\t\t\t\t\t\t\t\t\t<p style=\"margin: 0cm 0cm 0.0001pt; background-image: initial; background-position: initial; background-size: initial; background-repeat: initial; background-attachment: initial; background-origin: initial; background-clip: initial; text-align: left;\" align=\"right\"><span style=\"font-family: Jost, serif;\">Su\u00a0<\/span><strong><span style=\"font-family: Jost, serif;\">vegetaci\u00f3n<\/span><\/strong><span style=\"font-family: Jost, serif;\">\u00a0est\u00e1 constituida por un bosque mediterr\u00e1neo de encinas, alcornoques y olivos, principalmente adehesado, los matorrales ocupan las \u00e1reas m\u00e1s altas. La\u00a0<\/span><strong><span style=\"font-family: Jost, serif;\">cuenca fluvial<\/span><\/strong><span style=\"font-family: Jost, serif;\">\u00a0cuenta con los arroyos llamados Parroso y San Pedro; las riberas del Guanagil y la del Hueznar; el r\u00edo Viar y el pantano del Hueznar. Dado su alto valor ecol\u00f3gico, la mayor\u00eda de su territorio ha sido incluido como parte del\u00a0<\/span><strong><span style=\"font-family: Jost, serif;\">Parque Natural de la Sierra Norte de Sevilla<\/span><\/strong><span style=\"font-family: Jost, serif;\">, dentro a su vez de la\u00a0<\/span><strong><span style=\"font-family: Jost, serif;\">Red de Espacios Naturales Protegidos de Andaluc\u00eda<\/span><\/strong><span style=\"font-family: Jost, serif;\">.<\/span><\/p><p align=\"right\">\u00a0<\/p><p style=\"margin: 0cm 0cm 0.0001pt; background-image: initial; background-position: initial; background-size: initial; background-repeat: initial; background-attachment: initial; background-origin: initial; background-clip: initial; text-align: left;\" align=\"right\"><span style=\"font-family: Jost, serif;\">El Pedroso, como el resto de la Sierra Morena de Sevilla, registra la m\u00e1xima\u00a0<\/span><strong><span style=\"font-family: Jost, serif;\">pluviometr\u00eda<\/span><\/strong><span style=\"font-family: Jost, serif;\">\u00a0de la provincia de Sevilla, siendo su irregularidad, junto a la existencia de un largo periodo seco, su rasgo definitorio. La distribuci\u00f3n estacional de las temperaturas es propia del \u00e1mbito regional en el que se ubica, siendo las estaciones mejor definidas el verano, con julio y agosto como meses m\u00e1s c\u00e1lidos (temperaturas que oscilan entre los 24 y 25\u00ba C como media) con una media m\u00e1xima de 35\u00ba C y media m\u00ednima de 12,3\u00ba C y el invierno que alcanza en diciembre, enero y febrero las temperaturas m\u00e1s bajas, oscilando entre los 8 y los 9\u00ba C de media, con una media m\u00e1xima de 13,6\u00ba C y una media m\u00ednima de 3\u00ba C<\/span><\/p>\t\t\t\t\t\t\t\t<\/div>\n\t\t\t\t<\/div>\n\t\t\t\t\t<\/div>\n\t\t<\/div>\n\t\t\t\t<div class=\"elementor-column elementor-col-50 elementor-top-column elementor-element elementor-element-1c9492f\" data-id=\"1c9492f\" data-element_type=\"column\" data-e-type=\"column\">\n\t\t\t<div class=\"elementor-widget-wrap elementor-element-populated\">\n\t\t\t\t\t\t<div class=\"elementor-element elementor-element-490e35f elementor-widget elementor-widget-image\" data-id=\"490e35f\" data-element_type=\"widget\" data-e-type=\"widget\" data-settings=\"{&quot;motion_fx_motion_fx_scrolling&quot;:&quot;yes&quot;,&quot;motion_fx_translateX_effect&quot;:&quot;yes&quot;,&quot;motion_fx_translateX_direction&quot;:&quot;negative&quot;,&quot;motion_fx_translateX_speed&quot;:{&quot;unit&quot;:&quot;px&quot;,&quot;size&quot;:8,&quot;sizes&quot;:[]},&quot;motion_fx_translateX_affectedRange&quot;:{&quot;unit&quot;:&quot;%&quot;,&quot;size&quot;:&quot;&quot;,&quot;sizes&quot;:{&quot;start&quot;:0,&quot;end&quot;:50}},&quot;motion_fx_scale_effect&quot;:&quot;yes&quot;,&quot;motion_fx_scale_direction&quot;:&quot;in-out&quot;,&quot;motion_fx_scale_speed&quot;:{&quot;unit&quot;:&quot;px&quot;,&quot;size&quot;:-10,&quot;sizes&quot;:[]},&quot;motion_fx_scale_range&quot;:{&quot;unit&quot;:&quot;%&quot;,&quot;size&quot;:&quot;&quot;,&quot;sizes&quot;:{&quot;start&quot;:0,&quot;end&quot;:50}},&quot;motion_fx_devices&quot;:[&quot;desktop&quot;,&quot;tablet&quot;,&quot;mobile&quot;]}\" data-widget_type=\"image.default\">\n\t\t\t\t<div class=\"elementor-widget-container\">\n\t\t\t\t\t\t\t\t\t\t\t\t\t\t\t<img loading=\"lazy\" decoding=\"async\" width=\"800\" height=\"600\" src=\"https:\/\/turismo.elpedroso.es\/wp-content\/uploads\/2022\/09\/1782597Master.jpg\" class=\"attachment-full size-full wp-image-5533\" alt=\"\" srcset=\"https:\/\/turismo.elpedroso.es\/wp-content\/uploads\/2022\/09\/1782597Master.jpg 800w, https:\/\/turismo.elpedroso.es\/wp-content\/uploads\/2022\/09\/1782597Master-300x225.jpg 300w, https:\/\/turismo.elpedroso.es\/wp-content\/uploads\/2022\/09\/1782597Master-768x576.jpg 768w\" sizes=\"(max-width: 800px) 100vw, 800px\" \/>\t\t\t\t\t\t\t\t\t\t\t\t\t\t\t<\/div>\n\t\t\t\t<\/div>\n\t\t\t\t\t<\/div>\n\t\t<\/div>\n\t\t\t\t\t<\/div>\n\t\t<\/section>\n\t\t\t\t<section class=\"elementor-section elementor-top-section elementor-element elementor-element-64eeaf0 elementor-section-height-min-height elementor-section-boxed elementor-section-height-default elementor-section-items-middle\" data-id=\"64eeaf0\" data-element_type=\"section\" data-e-type=\"section\">\n\t\t\t\t\t\t<div class=\"elementor-container elementor-column-gap-default\">\n\t\t\t\t\t<div class=\"elementor-column elementor-col-100 elementor-top-column elementor-element elementor-element-1f58975\" data-id=\"1f58975\" data-element_type=\"column\" data-e-type=\"column\">\n\t\t\t<div class=\"elementor-widget-wrap elementor-element-populated\">\n\t\t\t\t\t\t<div class=\"elementor-element elementor-element-0b68e42 elementor-widget elementor-widget-spacer\" data-id=\"0b68e42\" data-element_type=\"widget\" data-e-type=\"widget\" data-widget_type=\"spacer.default\">\n\t\t\t\t<div class=\"elementor-widget-container\">\n\t\t\t\t\t\t\t<div class=\"elementor-spacer\">\n\t\t\t<div class=\"elementor-spacer-inner\"><\/div>\n\t\t<\/div>\n\t\t\t\t\t\t<\/div>\n\t\t\t\t<\/div>\n\t\t\t\t<div class=\"elementor-element elementor-element-ba2f238 elementor-widget elementor-widget-heading\" data-id=\"ba2f238\" data-element_type=\"widget\" data-e-type=\"widget\" data-widget_type=\"heading.default\">\n\t\t\t\t<div class=\"elementor-widget-container\">\n\t\t\t\t\t<h2 class=\"elementor-heading-title elementor-size-default\">HISTORIA DE EL PEDROSO <\/h2>\t\t\t\t<\/div>\n\t\t\t\t<\/div>\n\t\t\t\t<div class=\"elementor-element elementor-element-690580b elementor-widget-divider--view-line elementor-widget elementor-widget-divider\" data-id=\"690580b\" data-element_type=\"widget\" data-e-type=\"widget\" data-widget_type=\"divider.default\">\n\t\t\t\t<div class=\"elementor-widget-container\">\n\t\t\t\t\t\t\t<div class=\"elementor-divider\">\n\t\t\t<span class=\"elementor-divider-separator\">\n\t\t\t\t\t\t<\/span>\n\t\t<\/div>\n\t\t\t\t\t\t<\/div>\n\t\t\t\t<\/div>\n\t\t\t\t<div class=\"elementor-element elementor-element-1cbb2b7 elementor-widget elementor-widget-text-editor\" data-id=\"1cbb2b7\" data-element_type=\"widget\" data-e-type=\"widget\" data-widget_type=\"text-editor.default\">\n\t\t\t\t<div class=\"elementor-widget-container\">\n\t\t\t\t\t\t\t\t\t<p>La presencia humana en el t\u00e9rmino de El Pedroso podemos situarla ya en Paleol\u00edtico, por el hallazgo de puntas de flechas de s\u00edlex.<\/p><p>\u00a0<\/p><p>La cultura megal\u00edtica del Neol\u00edtico, tambi\u00e9n se desarroll\u00f3 aqu\u00ed, que confirma el reciente descubrimiento de un Tholos.<\/p><p>\u00a0<\/p><p>La recuperaci\u00f3n de cer\u00e1micas que en arqueolog\u00eda son denominadas \u201ccrecientes\u201d, garantizar\u00e1 la existencia de poblaciones humanas tambi\u00e9n en el Calcol\u00edtico.<\/p><p>\u00a0<\/p><p>Las puntas de flechas y los crecientes descubiertos en la zona gran\u00edtica Pago de las Porrillas, pr\u00f3ximo al actual n\u00facleo urbano, y el tholos (1) en la continuaci\u00f3n de la zona gran\u00edtica aludida.<\/p><p>\u00a0<\/p>\t\t\t\t\t\t\t\t<\/div>\n\t\t\t\t<\/div>\n\t\t\t\t\t<\/div>\n\t\t<\/div>\n\t\t\t\t\t<\/div>\n\t\t<\/section>\n\t\t\t\t<section class=\"elementor-section elementor-top-section elementor-element elementor-element-afac861 elementor-section-height-min-height elementor-section-boxed elementor-section-height-default elementor-section-items-middle\" data-id=\"afac861\" data-element_type=\"section\" data-e-type=\"section\">\n\t\t\t\t\t\t<div class=\"elementor-container elementor-column-gap-default\">\n\t\t\t\t\t<div class=\"elementor-column elementor-col-50 elementor-top-column elementor-element elementor-element-7fb231a\" data-id=\"7fb231a\" data-element_type=\"column\" data-e-type=\"column\">\n\t\t\t<div class=\"elementor-widget-wrap elementor-element-populated\">\n\t\t\t\t\t\t<div class=\"elementor-element elementor-element-36c33bc elementor-widget elementor-widget-image\" data-id=\"36c33bc\" data-element_type=\"widget\" data-e-type=\"widget\" data-settings=\"{&quot;motion_fx_motion_fx_scrolling&quot;:&quot;yes&quot;,&quot;motion_fx_translateX_effect&quot;:&quot;yes&quot;,&quot;motion_fx_translateX_direction&quot;:&quot;negative&quot;,&quot;motion_fx_translateX_speed&quot;:{&quot;unit&quot;:&quot;px&quot;,&quot;size&quot;:8,&quot;sizes&quot;:[]},&quot;motion_fx_translateX_affectedRange&quot;:{&quot;unit&quot;:&quot;%&quot;,&quot;size&quot;:&quot;&quot;,&quot;sizes&quot;:{&quot;start&quot;:0,&quot;end&quot;:50}},&quot;motion_fx_scale_effect&quot;:&quot;yes&quot;,&quot;motion_fx_scale_direction&quot;:&quot;in-out&quot;,&quot;motion_fx_scale_speed&quot;:{&quot;unit&quot;:&quot;px&quot;,&quot;size&quot;:-10,&quot;sizes&quot;:[]},&quot;motion_fx_scale_range&quot;:{&quot;unit&quot;:&quot;%&quot;,&quot;size&quot;:&quot;&quot;,&quot;sizes&quot;:{&quot;start&quot;:0,&quot;end&quot;:50}},&quot;motion_fx_devices&quot;:[&quot;desktop&quot;,&quot;tablet&quot;,&quot;mobile&quot;]}\" data-widget_type=\"image.default\">\n\t\t\t\t<div class=\"elementor-widget-container\">\n\t\t\t\t\t\t\t\t\t\t\t\t\t\t\t<img loading=\"lazy\" decoding=\"async\" width=\"561\" height=\"389\" src=\"https:\/\/turismo.elpedroso.es\/wp-content\/uploads\/2022\/12\/El-pedroso-Turdetanos.jpg\" class=\"attachment-full size-full wp-image-7322\" alt=\"\" srcset=\"https:\/\/turismo.elpedroso.es\/wp-content\/uploads\/2022\/12\/El-pedroso-Turdetanos.jpg 561w, https:\/\/turismo.elpedroso.es\/wp-content\/uploads\/2022\/12\/El-pedroso-Turdetanos-300x208.jpg 300w\" sizes=\"(max-width: 561px) 100vw, 561px\" \/>\t\t\t\t\t\t\t\t\t\t\t\t\t\t\t<\/div>\n\t\t\t\t<\/div>\n\t\t\t\t\t<\/div>\n\t\t<\/div>\n\t\t\t\t<div class=\"elementor-column elementor-col-50 elementor-top-column elementor-element elementor-element-f6607f7\" data-id=\"f6607f7\" data-element_type=\"column\" data-e-type=\"column\">\n\t\t\t<div class=\"elementor-widget-wrap elementor-element-populated\">\n\t\t\t\t\t\t<div class=\"elementor-element elementor-element-4df6e91 elementor-widget elementor-widget-spacer\" data-id=\"4df6e91\" data-element_type=\"widget\" data-e-type=\"widget\" data-widget_type=\"spacer.default\">\n\t\t\t\t<div class=\"elementor-widget-container\">\n\t\t\t\t\t\t\t<div class=\"elementor-spacer\">\n\t\t\t<div class=\"elementor-spacer-inner\"><\/div>\n\t\t<\/div>\n\t\t\t\t\t\t<\/div>\n\t\t\t\t<\/div>\n\t\t\t\t<div class=\"elementor-element elementor-element-578c65d elementor-widget elementor-widget-heading\" data-id=\"578c65d\" data-element_type=\"widget\" data-e-type=\"widget\" data-widget_type=\"heading.default\">\n\t\t\t\t<div class=\"elementor-widget-container\">\n\t\t\t\t\t<h2 class=\"elementor-heading-title elementor-size-default\">PROTOHISTORIA<\/h2>\t\t\t\t<\/div>\n\t\t\t\t<\/div>\n\t\t\t\t<div class=\"elementor-element elementor-element-258c547 elementor-widget-divider--view-line elementor-widget elementor-widget-divider\" data-id=\"258c547\" data-element_type=\"widget\" data-e-type=\"widget\" data-widget_type=\"divider.default\">\n\t\t\t\t<div class=\"elementor-widget-container\">\n\t\t\t\t\t\t\t<div class=\"elementor-divider\">\n\t\t\t<span class=\"elementor-divider-separator\">\n\t\t\t\t\t\t<\/span>\n\t\t<\/div>\n\t\t\t\t\t\t<\/div>\n\t\t\t\t<\/div>\n\t\t\t\t<div class=\"elementor-element elementor-element-4dedd27 elementor-widget elementor-widget-text-editor\" data-id=\"4dedd27\" data-element_type=\"widget\" data-e-type=\"widget\" data-widget_type=\"text-editor.default\">\n\t\t\t\t<div class=\"elementor-widget-container\">\n\t\t\t\t\t\t\t\t\t<p>El t\u00e9rmino de El Pedroso (y toda la Sierra Morena), formaba parte de la Turdetania (Reino de Tartesso) habitada por las tribus Tartessas y T\u00fardulas.<\/p><p>\u00a0<\/p><p>En la dehesa de las Casas de G\u00f3mez, se encontraron un ajuar de oro (de origen tartesso) que fue depositado en el Museo Arqueol\u00f3gico de Sevilla.<\/p>\t\t\t\t\t\t\t\t<\/div>\n\t\t\t\t<\/div>\n\t\t\t\t\t<\/div>\n\t\t<\/div>\n\t\t\t\t\t<\/div>\n\t\t<\/section>\n\t\t\t\t<section class=\"elementor-section elementor-top-section elementor-element elementor-element-b02a857 elementor-section-height-min-height elementor-reverse-mobile elementor-section-items-top elementor-section-boxed elementor-section-height-default\" data-id=\"b02a857\" data-element_type=\"section\" data-e-type=\"section\">\n\t\t\t\t\t\t<div class=\"elementor-container elementor-column-gap-default\">\n\t\t\t\t\t<div class=\"elementor-column elementor-col-50 elementor-top-column elementor-element elementor-element-618679b\" data-id=\"618679b\" data-element_type=\"column\" data-e-type=\"column\">\n\t\t\t<div class=\"elementor-widget-wrap elementor-element-populated\">\n\t\t\t\t\t\t<div class=\"elementor-element elementor-element-1236bfb elementor-widget elementor-widget-heading\" data-id=\"1236bfb\" data-element_type=\"widget\" data-e-type=\"widget\" data-widget_type=\"heading.default\">\n\t\t\t\t<div class=\"elementor-widget-container\">\n\t\t\t\t\t<h2 class=\"elementor-heading-title elementor-size-default\">BA\u00c9TICA ROMANA<\/h2>\t\t\t\t<\/div>\n\t\t\t\t<\/div>\n\t\t\t\t<div class=\"elementor-element elementor-element-7c344d0 elementor-widget-divider--view-line elementor-widget elementor-widget-divider\" data-id=\"7c344d0\" data-element_type=\"widget\" data-e-type=\"widget\" data-widget_type=\"divider.default\">\n\t\t\t\t<div class=\"elementor-widget-container\">\n\t\t\t\t\t\t\t<div class=\"elementor-divider\">\n\t\t\t<span class=\"elementor-divider-separator\">\n\t\t\t\t\t\t<\/span>\n\t\t<\/div>\n\t\t\t\t\t\t<\/div>\n\t\t\t\t<\/div>\n\t\t\t\t<div class=\"elementor-element elementor-element-f1b8226 elementor-widget elementor-widget-text-editor\" data-id=\"f1b8226\" data-element_type=\"widget\" data-e-type=\"widget\" data-widget_type=\"text-editor.default\">\n\t\t\t\t<div class=\"elementor-widget-container\">\n\t\t\t\t\t\t\t\t\t<p>En los campos de El Pedroso de forma aislada y en superficie, \u00fanicamente se encuentran restos de t\u00e9gulas y de ladrillos, de elaboraci\u00f3n al parecer, romana, as\u00ed como abundantes restos de viviendas, repartidas por todo el t\u00e9rmino, siendo inexacto y err\u00f3neo, identificar a El Pedroso (Sevilla) con la Augustobriga que los escritores griegos y latinos, situaron en la Vettonia (Lusitania) coincidente con Talavera la Vieja (C\u00e1ceres) pr\u00f3xima a la poblaci\u00f3n de Villar del Pedroso, de ah\u00ed el error de Rodrigo Caro.<\/p><p class=\"MsoNormal\">La importancia de esta zona para los romanos\u00a0 ya viene de sus antecesores y queda patente por la importancia que la extracci\u00f3n de distintos metales tuvo en toda la comarca.<\/p><p class=\"MsoNormal\">Los pocos restos hallados en El Pedroso no dar\u00edan pie a muchas referencias a no ser porque en el l\u00edmite de su t\u00e9rmino actual, hoy en el de Villanueva del R\u00edo y Minas, nos encontramos un yacimiento arqueol\u00f3gico tan\u00a0 desconocido para muchos, como sorprendente. Entre un bosque de encinas y alcornoques, como preserv\u00e1ndose de curiosos,\u00a0 est\u00e1 el llamado &#8220;Castillo de Mulva&#8221; denominaci\u00f3n que con seguridad deriva de la s\u00f3lida construcci\u00f3n que, emergiendo entre los \u00e1rboles, divisaron sus descubridores en 1756 y\u00a0 de la inscripci\u00f3n que en una placa del foro nos dice:\u201c\u2026populoque muniguensi hispaniae\u2026\u201d<\/p>\t\t\t\t\t\t\t\t<\/div>\n\t\t\t\t<\/div>\n\t\t\t\t\t<\/div>\n\t\t<\/div>\n\t\t\t\t<div class=\"elementor-column elementor-col-50 elementor-top-column elementor-element elementor-element-31bcdb7\" data-id=\"31bcdb7\" data-element_type=\"column\" data-e-type=\"column\">\n\t\t\t<div class=\"elementor-widget-wrap elementor-element-populated\">\n\t\t\t\t\t\t<div class=\"elementor-element elementor-element-8f81861 elementor-widget elementor-widget-image\" data-id=\"8f81861\" data-element_type=\"widget\" data-e-type=\"widget\" data-settings=\"{&quot;motion_fx_motion_fx_scrolling&quot;:&quot;yes&quot;,&quot;motion_fx_translateX_effect&quot;:&quot;yes&quot;,&quot;motion_fx_translateX_speed&quot;:{&quot;unit&quot;:&quot;px&quot;,&quot;size&quot;:8,&quot;sizes&quot;:[]},&quot;motion_fx_translateX_affectedRange&quot;:{&quot;unit&quot;:&quot;%&quot;,&quot;size&quot;:&quot;&quot;,&quot;sizes&quot;:{&quot;start&quot;:0,&quot;end&quot;:50}},&quot;motion_fx_scale_effect&quot;:&quot;yes&quot;,&quot;motion_fx_scale_direction&quot;:&quot;in-out&quot;,&quot;motion_fx_scale_speed&quot;:{&quot;unit&quot;:&quot;px&quot;,&quot;size&quot;:-10,&quot;sizes&quot;:[]},&quot;motion_fx_scale_range&quot;:{&quot;unit&quot;:&quot;%&quot;,&quot;size&quot;:&quot;&quot;,&quot;sizes&quot;:{&quot;start&quot;:0,&quot;end&quot;:50}},&quot;motion_fx_devices&quot;:[&quot;desktop&quot;,&quot;tablet&quot;,&quot;mobile&quot;]}\" data-widget_type=\"image.default\">\n\t\t\t\t<div class=\"elementor-widget-container\">\n\t\t\t\t\t\t\t\t\t\t\t\t\t\t\t<img loading=\"lazy\" decoding=\"async\" width=\"1280\" height=\"960\" src=\"https:\/\/turismo.elpedroso.es\/wp-content\/uploads\/2022\/12\/Vista_general_munigua.jpg\" class=\"attachment-full size-full wp-image-7334\" alt=\"\" srcset=\"https:\/\/turismo.elpedroso.es\/wp-content\/uploads\/2022\/12\/Vista_general_munigua.jpg 1280w, https:\/\/turismo.elpedroso.es\/wp-content\/uploads\/2022\/12\/Vista_general_munigua-300x225.jpg 300w, https:\/\/turismo.elpedroso.es\/wp-content\/uploads\/2022\/12\/Vista_general_munigua-1024x768.jpg 1024w, https:\/\/turismo.elpedroso.es\/wp-content\/uploads\/2022\/12\/Vista_general_munigua-768x576.jpg 768w\" sizes=\"(max-width: 1280px) 100vw, 1280px\" \/>\t\t\t\t\t\t\t\t\t\t\t\t\t\t\t<\/div>\n\t\t\t\t<\/div>\n\t\t\t\t<div class=\"elementor-element elementor-element-d10182d elementor-widget elementor-widget-text-editor\" data-id=\"d10182d\" data-element_type=\"widget\" data-e-type=\"widget\" data-widget_type=\"text-editor.default\">\n\t\t\t\t<div class=\"elementor-widget-container\">\n\t\t\t\t\t\t\t\t\t<p class=\"MsoNormal\">De su importancia dan fe sus edificios y sobre todo el imponente santuario que\u00a0 preside la colina. Su actividad era la fundici\u00f3n de cobre en una primera etapa y posteriormente de hierro.<\/p><p class=\"MsoNormal\">Tuvo dos periodos de ocupaci\u00f3n, prerromano y romano, que abarcan desde el s. VI a. de C. hasta principios del s. IV d. de C.<\/p><p class=\"MsoNormal\">La recta final del Imperio, iniciado por Augusto en el a\u00f1o 27 a. C., lo es tambi\u00e9n para Munigua, que comienza su decadencia en las postrimer\u00edas del s. IV (d.C.). Restos, como escorias de fundici\u00f3n del hierro, a\u00fan existente en la zona, y muchos de sus edificios , realizado en granito, nos dan la evidencia clara de que las materias primas\u00a0 proced\u00edan del entorno cercano como eran, para la piedra, la explotaci\u00f3n del propio batolito,\u00a0 y para el mineral de hierro,\u00a0 las minas de El Pedroso, como La Lima o\u00a0 Naval\u00e1zaro.<\/p>\t\t\t\t\t\t\t\t<\/div>\n\t\t\t\t<\/div>\n\t\t\t\t\t<\/div>\n\t\t<\/div>\n\t\t\t\t\t<\/div>\n\t\t<\/section>\n\t\t\t\t<section class=\"elementor-section elementor-top-section elementor-element elementor-element-c5e1548 elementor-section-height-min-height elementor-section-boxed elementor-section-height-default elementor-section-items-middle\" data-id=\"c5e1548\" data-element_type=\"section\" data-e-type=\"section\">\n\t\t\t\t\t\t<div class=\"elementor-container elementor-column-gap-default\">\n\t\t\t\t\t<div class=\"elementor-column elementor-col-50 elementor-top-column elementor-element elementor-element-0556dbe\" data-id=\"0556dbe\" data-element_type=\"column\" data-e-type=\"column\">\n\t\t\t<div class=\"elementor-widget-wrap elementor-element-populated\">\n\t\t\t\t\t\t<div class=\"elementor-element elementor-element-7fcaff7 elementor-widget elementor-widget-image\" data-id=\"7fcaff7\" data-element_type=\"widget\" data-e-type=\"widget\" data-settings=\"{&quot;motion_fx_motion_fx_scrolling&quot;:&quot;yes&quot;,&quot;motion_fx_translateX_effect&quot;:&quot;yes&quot;,&quot;motion_fx_translateX_direction&quot;:&quot;negative&quot;,&quot;motion_fx_translateX_speed&quot;:{&quot;unit&quot;:&quot;px&quot;,&quot;size&quot;:8,&quot;sizes&quot;:[]},&quot;motion_fx_translateX_affectedRange&quot;:{&quot;unit&quot;:&quot;%&quot;,&quot;size&quot;:&quot;&quot;,&quot;sizes&quot;:{&quot;start&quot;:0,&quot;end&quot;:50}},&quot;motion_fx_scale_effect&quot;:&quot;yes&quot;,&quot;motion_fx_scale_direction&quot;:&quot;in-out&quot;,&quot;motion_fx_scale_speed&quot;:{&quot;unit&quot;:&quot;px&quot;,&quot;size&quot;:-10,&quot;sizes&quot;:[]},&quot;motion_fx_scale_range&quot;:{&quot;unit&quot;:&quot;%&quot;,&quot;size&quot;:&quot;&quot;,&quot;sizes&quot;:{&quot;start&quot;:0,&quot;end&quot;:50}},&quot;motion_fx_devices&quot;:[&quot;desktop&quot;,&quot;tablet&quot;,&quot;mobile&quot;]}\" data-widget_type=\"image.default\">\n\t\t\t\t<div class=\"elementor-widget-container\">\n\t\t\t\t\t\t\t\t\t\t\t\t\t\t\t<img loading=\"lazy\" decoding=\"async\" width=\"475\" height=\"597\" src=\"https:\/\/turismo.elpedroso.es\/wp-content\/uploads\/2022\/12\/kura-de-firrish-el-pedroso.jpg\" class=\"attachment-full size-full wp-image-7338\" alt=\"\" srcset=\"https:\/\/turismo.elpedroso.es\/wp-content\/uploads\/2022\/12\/kura-de-firrish-el-pedroso.jpg 475w, https:\/\/turismo.elpedroso.es\/wp-content\/uploads\/2022\/12\/kura-de-firrish-el-pedroso-239x300.jpg 239w\" sizes=\"(max-width: 475px) 100vw, 475px\" \/>\t\t\t\t\t\t\t\t\t\t\t\t\t\t\t<\/div>\n\t\t\t\t<\/div>\n\t\t\t\t\t<\/div>\n\t\t<\/div>\n\t\t\t\t<div class=\"elementor-column elementor-col-50 elementor-top-column elementor-element elementor-element-1d8234c\" data-id=\"1d8234c\" data-element_type=\"column\" data-e-type=\"column\">\n\t\t\t<div class=\"elementor-widget-wrap elementor-element-populated\">\n\t\t\t\t\t\t<div class=\"elementor-element elementor-element-b8c6a5b elementor-widget elementor-widget-spacer\" data-id=\"b8c6a5b\" data-element_type=\"widget\" data-e-type=\"widget\" data-widget_type=\"spacer.default\">\n\t\t\t\t<div class=\"elementor-widget-container\">\n\t\t\t\t\t\t\t<div class=\"elementor-spacer\">\n\t\t\t<div class=\"elementor-spacer-inner\"><\/div>\n\t\t<\/div>\n\t\t\t\t\t\t<\/div>\n\t\t\t\t<\/div>\n\t\t\t\t<div class=\"elementor-element elementor-element-fb2c18b elementor-widget elementor-widget-heading\" data-id=\"fb2c18b\" data-element_type=\"widget\" data-e-type=\"widget\" data-widget_type=\"heading.default\">\n\t\t\t\t<div class=\"elementor-widget-container\">\n\t\t\t\t\t<h2 class=\"elementor-heading-title elementor-size-default\">\u00c1RABES. KURA DE FIRRISH <\/h2>\t\t\t\t<\/div>\n\t\t\t\t<\/div>\n\t\t\t\t<div class=\"elementor-element elementor-element-aeee81a elementor-widget-divider--view-line elementor-widget elementor-widget-divider\" data-id=\"aeee81a\" data-element_type=\"widget\" data-e-type=\"widget\" data-widget_type=\"divider.default\">\n\t\t\t\t<div class=\"elementor-widget-container\">\n\t\t\t\t\t\t\t<div class=\"elementor-divider\">\n\t\t\t<span class=\"elementor-divider-separator\">\n\t\t\t\t\t\t<\/span>\n\t\t<\/div>\n\t\t\t\t\t\t<\/div>\n\t\t\t\t<\/div>\n\t\t\t\t<div class=\"elementor-element elementor-element-d6bd6b2 elementor-widget elementor-widget-text-editor\" data-id=\"d6bd6b2\" data-element_type=\"widget\" data-e-type=\"widget\" data-widget_type=\"text-editor.default\">\n\t\t\t\t<div class=\"elementor-widget-container\">\n\t\t\t\t\t\t\t\t\t<p>La Kura de Firrish, distrito \u00e1rabe al que perteneci\u00f3 El Pedroso, cuya capital Firrish, se sit\u00faa en el t\u00e9rmino municipal de Constantina, Cerro de la Armada.<\/p><p>\u00a0<\/p><p>Escasa es la toponimia heredada de los musulmanes: Calle del Alcazarejo; Medio Almud; Risco Morisco; Algamasilla; Piedra de la Mora Encantada; R\u00edo Guzna (Rivera del Hu\u00e9znar); Arroyo del Parroso y olivar \u201cal sitio del Altabacar\u201d.<\/p><p>\u00a0<\/p><p>Hace ya varios a\u00f1os, en las dehesa de Montegil y Manchallana, se encontraron dos tesorillos de monedas \u00e1rabes, actualmente depositadas en el Museo Arqueol\u00f3gico de Sevilla<\/p>\t\t\t\t\t\t\t\t<\/div>\n\t\t\t\t<\/div>\n\t\t\t\t<div class=\"elementor-element elementor-element-f8e8ff0 elementor-widget elementor-widget-spacer\" data-id=\"f8e8ff0\" data-element_type=\"widget\" data-e-type=\"widget\" data-widget_type=\"spacer.default\">\n\t\t\t\t<div class=\"elementor-widget-container\">\n\t\t\t\t\t\t\t<div class=\"elementor-spacer\">\n\t\t\t<div class=\"elementor-spacer-inner\"><\/div>\n\t\t<\/div>\n\t\t\t\t\t\t<\/div>\n\t\t\t\t<\/div>\n\t\t\t\t\t<\/div>\n\t\t<\/div>\n\t\t\t\t\t<\/div>\n\t\t<\/section>\n\t\t\t\t<section class=\"elementor-section elementor-top-section elementor-element elementor-element-0853978 elementor-section-height-min-height elementor-section-boxed elementor-section-height-default elementor-section-items-middle\" data-id=\"0853978\" data-element_type=\"section\" data-e-type=\"section\" data-settings=\"{&quot;background_background&quot;:&quot;classic&quot;,&quot;shape_divider_top&quot;:&quot;waves&quot;}\">\n\t\t\t\t\t<div class=\"elementor-shape elementor-shape-top\" aria-hidden=\"true\" data-negative=\"false\">\n\t\t\t<svg xmlns=\"http:\/\/www.w3.org\/2000\/svg\" viewBox=\"0 0 1000 100\" preserveAspectRatio=\"none\">\n\t<path class=\"elementor-shape-fill\" d=\"M421.9,6.5c22.6-2.5,51.5,0.4,75.5,5.3c23.6,4.9,70.9,23.5,100.5,35.7c75.8,32.2,133.7,44.5,192.6,49.7\n\tc23.6,2.1,48.7,3.5,103.4-2.5c54.7-6,106.2-25.6,106.2-25.6V0H0v30.3c0,0,72,32.6,158.4,30.5c39.2-0.7,92.8-6.7,134-22.4\n\tc21.2-8.1,52.2-18.2,79.7-24.2C399.3,7.9,411.6,7.5,421.9,6.5z\"\/>\n<\/svg>\t\t<\/div>\n\t\t\t\t\t<div class=\"elementor-container elementor-column-gap-default\">\n\t\t\t\t\t<div class=\"elementor-column elementor-col-100 elementor-top-column elementor-element elementor-element-75e8623\" data-id=\"75e8623\" data-element_type=\"column\" data-e-type=\"column\">\n\t\t\t<div class=\"elementor-widget-wrap elementor-element-populated\">\n\t\t\t\t\t\t<div class=\"elementor-element elementor-element-85b379c elementor-widget elementor-widget-html\" data-id=\"85b379c\" data-element_type=\"widget\" data-e-type=\"widget\" data-widget_type=\"html.default\">\n\t\t\t\t<div class=\"elementor-widget-container\">\n\t\t\t\t\t<center>\r\n    <script src=\"https:\/\/cdn.lordicon.com\/ritcuqlt.js\"><\/script>\r\n    <lord-icon src=\"https:\/\/cdn.lordicon.com\/wlpxtupd.json\" trigger=\"loop\" colors=\"primary:#ffffff,secondary:#23d2d3\"\r\n        state=\"loop-1\" style=\"width:120px;height:120px\">\r\n    <\/lord-icon>\r\n<\/center>\t\t\t\t<\/div>\n\t\t\t\t<\/div>\n\t\t\t\t<div class=\"elementor-element elementor-element-6432e8e elementor-widget elementor-widget-text-editor\" data-id=\"6432e8e\" data-element_type=\"widget\" data-e-type=\"widget\" data-widget_type=\"text-editor.default\">\n\t\t\t\t<div class=\"elementor-widget-container\">\n\t\t\t\t\t\t\t\t\t<p><span style=\"font-weight: 400;\">No te vayas sin pasar por todos sus atractivos naturales, religiosos e hist\u00f3ricos. Suma a tu experiencia la Ermita del Cristo de la Misericordia, la Cruz del Humilladero, la Iglesia de Nuestra Se\u00f1ora de la Consolaci\u00f3n, la Ermita de la Virgen del Espino, nuestra F\u00e1brica de Hierros, o nuestras rutas de senderismo \u00a1y mucho m\u00e1s!<\/span><\/p>\t\t\t\t\t\t\t\t<\/div>\n\t\t\t\t<\/div>\n\t\t\t\t<div class=\"elementor-element elementor-element-8224654 elementor-widget-divider--view-line elementor-widget elementor-widget-divider\" data-id=\"8224654\" data-element_type=\"widget\" data-e-type=\"widget\" data-widget_type=\"divider.default\">\n\t\t\t\t<div class=\"elementor-widget-container\">\n\t\t\t\t\t\t\t<div class=\"elementor-divider\">\n\t\t\t<span class=\"elementor-divider-separator\">\n\t\t\t\t\t\t<\/span>\n\t\t<\/div>\n\t\t\t\t\t\t<\/div>\n\t\t\t\t<\/div>\n\t\t\t\t<div class=\"elementor-element elementor-element-982ea2d elementor-widget elementor-widget-heading\" data-id=\"982ea2d\" data-element_type=\"widget\" data-e-type=\"widget\" data-widget_type=\"heading.default\">\n\t\t\t\t<div class=\"elementor-widget-container\">\n\t\t\t\t\t<h2 class=\"elementor-heading-title elementor-size-default\">\u00bfEst\u00e1s listo para vivir tu propia experiencia?<\/h2>\t\t\t\t<\/div>\n\t\t\t\t<\/div>\n\t\t\t\t<div class=\"elementor-element elementor-element-ab59ff9 elementor-align-center elementor-widget__width-auto elementor-widget elementor-widget-button\" data-id=\"ab59ff9\" data-element_type=\"widget\" data-e-type=\"widget\" data-widget_type=\"button.default\">\n\t\t\t\t<div class=\"elementor-widget-container\">\n\t\t\t\t\t\t\t\t\t<div class=\"elementor-button-wrapper\">\n\t\t\t\t\t<a class=\"elementor-button elementor-button-link elementor-size-sm elementor-animation-grow\" href=\"\/rutas\/\">\n\t\t\t\t\t\t<span class=\"elementor-button-content-wrapper\">\n\t\t\t\t\t\t\t\t\t<span class=\"elementor-button-text\">Descubre nuestras rutas<\/span>\n\t\t\t\t\t<\/span>\n\t\t\t\t\t<\/a>\n\t\t\t\t<\/div>\n\t\t\t\t\t\t\t\t<\/div>\n\t\t\t\t<\/div>\n\t\t\t\t<div class=\"elementor-element elementor-element-8a107b4 elementor-align-center elementor-widget__width-auto elementor-widget elementor-widget-button\" data-id=\"8a107b4\" data-element_type=\"widget\" data-e-type=\"widget\" data-widget_type=\"button.default\">\n\t\t\t\t<div class=\"elementor-widget-container\">\n\t\t\t\t\t\t\t\t\t<div class=\"elementor-button-wrapper\">\n\t\t\t\t\t<a class=\"elementor-button elementor-button-link elementor-size-sm elementor-animation-grow\" href=\"\/localizacion\/monumentos\/\">\n\t\t\t\t\t\t<span class=\"elementor-button-content-wrapper\">\n\t\t\t\t\t\t\t\t\t<span class=\"elementor-button-text\">Visita nuestros monumentos<\/span>\n\t\t\t\t\t<\/span>\n\t\t\t\t\t<\/a>\n\t\t\t\t<\/div>\n\t\t\t\t\t\t\t\t<\/div>\n\t\t\t\t<\/div>\n\t\t\t\t\t<\/div>\n\t\t<\/div>\n\t\t\t\t\t<\/div>\n\t\t<\/section>\n\t\t\t\t<section class=\"elementor-section elementor-top-section elementor-element elementor-element-72d506f elementor-section-boxed elementor-section-height-default elementor-section-height-default\" data-id=\"72d506f\" data-element_type=\"section\" data-e-type=\"section\">\n\t\t\t\t\t\t<div class=\"elementor-container elementor-column-gap-default\">\n\t\t\t\t\t<div class=\"elementor-column elementor-col-100 elementor-top-column elementor-element elementor-element-29e989e\" data-id=\"29e989e\" data-element_type=\"column\" data-e-type=\"column\">\n\t\t\t<div class=\"elementor-widget-wrap elementor-element-populated\">\n\t\t\t\t\t\t<div class=\"elementor-element elementor-element-de5ddb8 elementor-widget elementor-widget-spacer\" data-id=\"de5ddb8\" data-element_type=\"widget\" data-e-type=\"widget\" data-widget_type=\"spacer.default\">\n\t\t\t\t<div class=\"elementor-widget-container\">\n\t\t\t\t\t\t\t<div class=\"elementor-spacer\">\n\t\t\t<div class=\"elementor-spacer-inner\"><\/div>\n\t\t<\/div>\n\t\t\t\t\t\t<\/div>\n\t\t\t\t<\/div>\n\t\t\t\t\t<\/div>\n\t\t<\/div>\n\t\t\t\t\t<\/div>\n\t\t<\/section>\n\t\t\t\t<section class=\"elementor-section elementor-top-section elementor-element elementor-element-3a1e6c0 elementor-section-height-min-height elementor-reverse-mobile elementor-hidden-desktop elementor-hidden-tablet elementor-hidden-mobile elementor-section-boxed elementor-section-height-default elementor-section-items-middle\" data-id=\"3a1e6c0\" data-element_type=\"section\" data-e-type=\"section\" data-settings=\"{&quot;background_background&quot;:&quot;classic&quot;,&quot;shape_divider_top&quot;:&quot;waves&quot;}\">\n\t\t\t\t\t<div class=\"elementor-shape elementor-shape-top\" aria-hidden=\"true\" data-negative=\"false\">\n\t\t\t<svg xmlns=\"http:\/\/www.w3.org\/2000\/svg\" viewBox=\"0 0 1000 100\" preserveAspectRatio=\"none\">\n\t<path class=\"elementor-shape-fill\" d=\"M421.9,6.5c22.6-2.5,51.5,0.4,75.5,5.3c23.6,4.9,70.9,23.5,100.5,35.7c75.8,32.2,133.7,44.5,192.6,49.7\n\tc23.6,2.1,48.7,3.5,103.4-2.5c54.7-6,106.2-25.6,106.2-25.6V0H0v30.3c0,0,72,32.6,158.4,30.5c39.2-0.7,92.8-6.7,134-22.4\n\tc21.2-8.1,52.2-18.2,79.7-24.2C399.3,7.9,411.6,7.5,421.9,6.5z\"\/>\n<\/svg>\t\t<\/div>\n\t\t\t\t\t<div class=\"elementor-container elementor-column-gap-default\">\n\t\t\t\t\t<div class=\"elementor-column elementor-col-50 elementor-top-column elementor-element elementor-element-b03404d\" data-id=\"b03404d\" data-element_type=\"column\" data-e-type=\"column\">\n\t\t\t<div class=\"elementor-widget-wrap elementor-element-populated\">\n\t\t\t\t\t\t<div class=\"elementor-element elementor-element-b9691a6 elementor-widget elementor-widget-spacer\" data-id=\"b9691a6\" data-element_type=\"widget\" data-e-type=\"widget\" data-widget_type=\"spacer.default\">\n\t\t\t\t<div class=\"elementor-widget-container\">\n\t\t\t\t\t\t\t<div class=\"elementor-spacer\">\n\t\t\t<div class=\"elementor-spacer-inner\"><\/div>\n\t\t<\/div>\n\t\t\t\t\t\t<\/div>\n\t\t\t\t<\/div>\n\t\t\t\t<div class=\"elementor-element elementor-element-31e4b87 elementor-widget elementor-widget-heading\" data-id=\"31e4b87\" data-element_type=\"widget\" data-e-type=\"widget\" data-widget_type=\"heading.default\">\n\t\t\t\t<div class=\"elementor-widget-container\">\n\t\t\t\t\t<h2 class=\"elementor-heading-title elementor-size-default\">ESCULTURAS, PINTURAS Y TALLAS<\/h2>\t\t\t\t<\/div>\n\t\t\t\t<\/div>\n\t\t\t\t<div class=\"elementor-element elementor-element-d81b21f elementor-widget-divider--view-line elementor-widget elementor-widget-divider\" data-id=\"d81b21f\" data-element_type=\"widget\" data-e-type=\"widget\" data-widget_type=\"divider.default\">\n\t\t\t\t<div class=\"elementor-widget-container\">\n\t\t\t\t\t\t\t<div class=\"elementor-divider\">\n\t\t\t<span class=\"elementor-divider-separator\">\n\t\t\t\t\t\t<\/span>\n\t\t<\/div>\n\t\t\t\t\t\t<\/div>\n\t\t\t\t<\/div>\n\t\t\t\t<div class=\"elementor-element elementor-element-6dc1f3c elementor-widget elementor-widget-text-editor\" data-id=\"6dc1f3c\" data-element_type=\"widget\" data-e-type=\"widget\" data-widget_type=\"text-editor.default\">\n\t\t\t\t<div class=\"elementor-widget-container\">\n\t\t\t\t\t\t\t\t\t<p>Retablo del Altar Mayor. Obra contratada y realizada por Luis de Baias a partir de 1.727. En el contrato se especifica que la labor de imaginer\u00eda se le encargar\u00eda a D. Pedro Duque Cornejo. En la hornacina central se sit\u00faa una escultura de la Virgen con el Ni\u00f1o, de finales del siglo XVI y que es atribuida a Jer\u00f3nimo Hern\u00e1ndez.<\/p><p><br \/>Cristo del Buen Fin: Escultura de madera policromada que representa a Cristo muerto, fijo en la cruz mediante tres clavos. Obra atribuida al escultor Pedro Mill\u00e1n, fechada en torno a 1.505; su estilo est\u00e1 dentro del g\u00f3tico flamenco.<\/p><p><br \/>Retablo de la Inmaculada Concepci\u00f3n: Esta obra fue contratada por Juan Mart\u00ednez Monta\u00f1\u00e9s en el a\u00f1o 1.606, siendo finalizada en el a\u00f1o 1.609. Aparece como un retablo bastante sencillo, cuya estructura se distribuye en dos cuerpos de tres calles cada uno, y un banco. En su origen estaba presidido por la imagen de la Inmaculada, aunque en la actualidad su lugar est\u00e1 ocupado por la imagen de San Jos\u00e9, cuyas caracter\u00edsticas est\u00e1n en consonancia con el estilo del siglo XVIII. A los lados de esta imagen aparecen los relieves de San Bartolom\u00e9 y Santiago. En el centro del segundo cuerpo, el lienzo de Santa Catalina, descubierto recientemente en la restauraci\u00f3n del retablo. Es una magn\u00edfica obra del pintor flamenco Hernando de Sturm. A los lados dos tablas que representan a San Pedro y San Diego de Alcal\u00e1, obras atribuidas a Francisco Pacheco.<\/p><p><br \/>Inmaculada Concepci\u00f3n (de Mart\u00ednez Monta\u00f1\u00e9s). Talla realizada y destinada a ocupar la hornacina central del antes retablo descrito, en la actualidad se encuentra situada en el retablo neocl\u00e1sico de la Capilla Sacramental. La escultura de la Inmaculada es una bell\u00edsima imagen que representa a la Virgen, casi una ni\u00f1a. Est\u00e1 de pi\u00e9 sobre la luna que tienen en el centro una cabeza de \u00e1ngel. El rostro de la Virgen est\u00e1 inclinado hacia el lado derecho y dirige la mirada al suelo. Es interesante el ropaje y el manto que la cubre formando grandes pliegues.<\/p><p><br \/>Retablo de Santa Ana. En el a\u00f1o 1.716, la Orden Tercera del convento de San Francisco de Cazalla de la Sierra, contrat\u00f3 a Lu\u00eds de Baias para que \u00e9ste efectuase la talla del retablo.<br \/>Desamortizado el convento, \u00e9ste pas\u00f3 a manos de particulares, y abandonado, sus retablos e 10 im\u00e1genes corr\u00edan serio peligro de ser destruidas. El Arzobispado de Sevilla autoriz\u00f3 que el retablo mencionado fuese trasladado a la parroquia de El Pedroso en uni\u00f3n de otros m\u00e1s peque\u00f1os. Restaurado en Sevilla, actualmente lo preside una imagen de San Ana. Nota: Su identificaci\u00f3n fue posible gracia a la simbolog\u00eda de la Orden de San Francisco, y a un inventario de la parroquia de 1.890.<\/p><p>\u00a0<\/p><p>Retablo Capilla Sacramental. En la cabecera de la Capilla se sit\u00faa un retablo que data de principios del siglo XVIII, de estilo neocl\u00e1sico. Retablo dorado cuya estructura est\u00e1 formado por tres cuerpos superpuestos y como elemento arquitect\u00f3nico presenta columnas estriadas de orden corintio. El cuerpo principal contiene una escultura de la Inmaculada de Mart\u00ednez Monta\u00f1\u00e9s. Se culmina con un \u00e1tico donde se asienta una escultura de Santa Teresa, fechada en el siglo XVIII.<\/p>\t\t\t\t\t\t\t\t<\/div>\n\t\t\t\t<\/div>\n\t\t\t\t\t<\/div>\n\t\t<\/div>\n\t\t\t\t<div class=\"elementor-column elementor-col-50 elementor-top-column elementor-element elementor-element-17e4009\" data-id=\"17e4009\" data-element_type=\"column\" data-e-type=\"column\">\n\t\t\t<div class=\"elementor-widget-wrap elementor-element-populated\">\n\t\t\t\t\t\t<div class=\"elementor-element elementor-element-4fe12c6 elementor-widget elementor-widget-image\" data-id=\"4fe12c6\" data-element_type=\"widget\" data-e-type=\"widget\" data-settings=\"{&quot;motion_fx_motion_fx_scrolling&quot;:&quot;yes&quot;,&quot;motion_fx_translateX_effect&quot;:&quot;yes&quot;,&quot;motion_fx_translateX_speed&quot;:{&quot;unit&quot;:&quot;px&quot;,&quot;size&quot;:8,&quot;sizes&quot;:[]},&quot;motion_fx_translateX_affectedRange&quot;:{&quot;unit&quot;:&quot;%&quot;,&quot;size&quot;:&quot;&quot;,&quot;sizes&quot;:{&quot;start&quot;:0,&quot;end&quot;:50}},&quot;motion_fx_scale_effect&quot;:&quot;yes&quot;,&quot;motion_fx_scale_direction&quot;:&quot;in-out&quot;,&quot;motion_fx_scale_speed&quot;:{&quot;unit&quot;:&quot;px&quot;,&quot;size&quot;:-10,&quot;sizes&quot;:[]},&quot;motion_fx_scale_range&quot;:{&quot;unit&quot;:&quot;%&quot;,&quot;size&quot;:&quot;&quot;,&quot;sizes&quot;:{&quot;start&quot;:0,&quot;end&quot;:50}},&quot;motion_fx_devices&quot;:[&quot;desktop&quot;,&quot;tablet&quot;,&quot;mobile&quot;]}\" data-widget_type=\"image.default\">\n\t\t\t\t<div class=\"elementor-widget-container\">\n\t\t\t\t\t\t\t\t\t\t\t\t\t\t\t<img loading=\"lazy\" decoding=\"async\" width=\"155\" height=\"200\" src=\"https:\/\/turismo.elpedroso.es\/wp-content\/uploads\/2022\/11\/img-arte-02.png\" class=\"attachment-full size-full wp-image-5668\" alt=\"\" \/>\t\t\t\t\t\t\t\t\t\t\t\t\t\t\t<\/div>\n\t\t\t\t<\/div>\n\t\t\t\t<div class=\"elementor-element elementor-element-1cc5904 elementor-widget elementor-widget-image\" data-id=\"1cc5904\" data-element_type=\"widget\" data-e-type=\"widget\" data-settings=\"{&quot;motion_fx_motion_fx_scrolling&quot;:&quot;yes&quot;,&quot;motion_fx_translateX_effect&quot;:&quot;yes&quot;,&quot;motion_fx_translateX_speed&quot;:{&quot;unit&quot;:&quot;px&quot;,&quot;size&quot;:8,&quot;sizes&quot;:[]},&quot;motion_fx_translateX_affectedRange&quot;:{&quot;unit&quot;:&quot;%&quot;,&quot;size&quot;:&quot;&quot;,&quot;sizes&quot;:{&quot;start&quot;:0,&quot;end&quot;:50}},&quot;motion_fx_scale_effect&quot;:&quot;yes&quot;,&quot;motion_fx_scale_direction&quot;:&quot;in-out&quot;,&quot;motion_fx_scale_speed&quot;:{&quot;unit&quot;:&quot;px&quot;,&quot;size&quot;:-10,&quot;sizes&quot;:[]},&quot;motion_fx_scale_range&quot;:{&quot;unit&quot;:&quot;%&quot;,&quot;size&quot;:&quot;&quot;,&quot;sizes&quot;:{&quot;start&quot;:0,&quot;end&quot;:50}},&quot;motion_fx_devices&quot;:[&quot;desktop&quot;,&quot;tablet&quot;,&quot;mobile&quot;]}\" data-widget_type=\"image.default\">\n\t\t\t\t<div class=\"elementor-widget-container\">\n\t\t\t\t\t\t\t\t\t\t\t\t\t\t\t<img loading=\"lazy\" decoding=\"async\" width=\"153\" height=\"203\" src=\"https:\/\/turismo.elpedroso.es\/wp-content\/uploads\/2022\/11\/img-arte-03.png\" class=\"attachment-full size-full wp-image-5669\" alt=\"\" \/>\t\t\t\t\t\t\t\t\t\t\t\t\t\t\t<\/div>\n\t\t\t\t<\/div>\n\t\t\t\t<div class=\"elementor-element elementor-element-9a3af80 elementor-widget elementor-widget-image\" data-id=\"9a3af80\" data-element_type=\"widget\" data-e-type=\"widget\" data-settings=\"{&quot;motion_fx_motion_fx_scrolling&quot;:&quot;yes&quot;,&quot;motion_fx_translateX_effect&quot;:&quot;yes&quot;,&quot;motion_fx_translateX_speed&quot;:{&quot;unit&quot;:&quot;px&quot;,&quot;size&quot;:8,&quot;sizes&quot;:[]},&quot;motion_fx_translateX_affectedRange&quot;:{&quot;unit&quot;:&quot;%&quot;,&quot;size&quot;:&quot;&quot;,&quot;sizes&quot;:{&quot;start&quot;:0,&quot;end&quot;:50}},&quot;motion_fx_scale_effect&quot;:&quot;yes&quot;,&quot;motion_fx_scale_direction&quot;:&quot;in-out&quot;,&quot;motion_fx_scale_speed&quot;:{&quot;unit&quot;:&quot;px&quot;,&quot;size&quot;:-10,&quot;sizes&quot;:[]},&quot;motion_fx_scale_range&quot;:{&quot;unit&quot;:&quot;%&quot;,&quot;size&quot;:&quot;&quot;,&quot;sizes&quot;:{&quot;start&quot;:0,&quot;end&quot;:50}},&quot;motion_fx_devices&quot;:[&quot;desktop&quot;,&quot;tablet&quot;,&quot;mobile&quot;]}\" data-widget_type=\"image.default\">\n\t\t\t\t<div class=\"elementor-widget-container\">\n\t\t\t\t\t\t\t\t\t\t\t\t\t\t\t<img loading=\"lazy\" decoding=\"async\" width=\"157\" height=\"188\" src=\"https:\/\/turismo.elpedroso.es\/wp-content\/uploads\/2022\/11\/img-arte-04.png\" class=\"attachment-full size-full wp-image-5670\" alt=\"\" \/>\t\t\t\t\t\t\t\t\t\t\t\t\t\t\t<\/div>\n\t\t\t\t<\/div>\n\t\t\t\t<div class=\"elementor-element elementor-element-a3358fb elementor-widget elementor-widget-image\" data-id=\"a3358fb\" data-element_type=\"widget\" data-e-type=\"widget\" data-settings=\"{&quot;motion_fx_motion_fx_scrolling&quot;:&quot;yes&quot;,&quot;motion_fx_translateX_effect&quot;:&quot;yes&quot;,&quot;motion_fx_translateX_speed&quot;:{&quot;unit&quot;:&quot;px&quot;,&quot;size&quot;:8,&quot;sizes&quot;:[]},&quot;motion_fx_translateX_affectedRange&quot;:{&quot;unit&quot;:&quot;%&quot;,&quot;size&quot;:&quot;&quot;,&quot;sizes&quot;:{&quot;start&quot;:0,&quot;end&quot;:50}},&quot;motion_fx_scale_effect&quot;:&quot;yes&quot;,&quot;motion_fx_scale_direction&quot;:&quot;in-out&quot;,&quot;motion_fx_scale_speed&quot;:{&quot;unit&quot;:&quot;px&quot;,&quot;size&quot;:-10,&quot;sizes&quot;:[]},&quot;motion_fx_scale_range&quot;:{&quot;unit&quot;:&quot;%&quot;,&quot;size&quot;:&quot;&quot;,&quot;sizes&quot;:{&quot;start&quot;:0,&quot;end&quot;:50}},&quot;motion_fx_devices&quot;:[&quot;desktop&quot;,&quot;tablet&quot;,&quot;mobile&quot;]}\" data-widget_type=\"image.default\">\n\t\t\t\t<div class=\"elementor-widget-container\">\n\t\t\t\t\t\t\t\t\t\t\t\t\t\t\t<img loading=\"lazy\" decoding=\"async\" width=\"159\" height=\"185\" src=\"https:\/\/turismo.elpedroso.es\/wp-content\/uploads\/2022\/11\/img-arte-05.png\" class=\"attachment-full size-full wp-image-5671\" alt=\"\" \/>\t\t\t\t\t\t\t\t\t\t\t\t\t\t\t<\/div>\n\t\t\t\t<\/div>\n\t\t\t\t\t<\/div>\n\t\t<\/div>\n\t\t\t\t\t<\/div>\n\t\t<\/section>\n\t\t\t\t<section class=\"elementor-section elementor-top-section elementor-element elementor-element-2540d44 elementor-section-height-min-height elementor-hidden-desktop elementor-hidden-tablet elementor-hidden-mobile elementor-section-boxed elementor-section-height-default elementor-section-items-middle\" data-id=\"2540d44\" data-element_type=\"section\" data-e-type=\"section\" data-settings=\"{&quot;background_background&quot;:&quot;classic&quot;}\">\n\t\t\t\t\t\t<div class=\"elementor-container elementor-column-gap-default\">\n\t\t\t\t\t<div class=\"elementor-column elementor-col-50 elementor-top-column elementor-element elementor-element-2387020\" data-id=\"2387020\" data-element_type=\"column\" data-e-type=\"column\">\n\t\t\t<div class=\"elementor-widget-wrap elementor-element-populated\">\n\t\t\t\t\t\t<div class=\"elementor-element elementor-element-f93f01f elementor-widget__width-initial elementor-widget elementor-widget-image\" data-id=\"f93f01f\" data-element_type=\"widget\" data-e-type=\"widget\" data-settings=\"{&quot;motion_fx_motion_fx_scrolling&quot;:&quot;yes&quot;,&quot;motion_fx_translateX_effect&quot;:&quot;yes&quot;,&quot;motion_fx_translateX_direction&quot;:&quot;negative&quot;,&quot;motion_fx_translateX_speed&quot;:{&quot;unit&quot;:&quot;px&quot;,&quot;size&quot;:8,&quot;sizes&quot;:[]},&quot;motion_fx_translateX_affectedRange&quot;:{&quot;unit&quot;:&quot;%&quot;,&quot;size&quot;:&quot;&quot;,&quot;sizes&quot;:{&quot;start&quot;:0,&quot;end&quot;:50}},&quot;motion_fx_scale_effect&quot;:&quot;yes&quot;,&quot;motion_fx_scale_direction&quot;:&quot;in-out&quot;,&quot;motion_fx_scale_speed&quot;:{&quot;unit&quot;:&quot;px&quot;,&quot;size&quot;:-10,&quot;sizes&quot;:[]},&quot;motion_fx_scale_range&quot;:{&quot;unit&quot;:&quot;%&quot;,&quot;size&quot;:&quot;&quot;,&quot;sizes&quot;:{&quot;start&quot;:0,&quot;end&quot;:50}},&quot;motion_fx_devices&quot;:[&quot;desktop&quot;,&quot;tablet&quot;,&quot;mobile&quot;]}\" data-widget_type=\"image.default\">\n\t\t\t\t<div class=\"elementor-widget-container\">\n\t\t\t\t\t\t\t\t\t\t\t\t\t\t\t<img loading=\"lazy\" decoding=\"async\" width=\"154\" height=\"205\" src=\"https:\/\/turismo.elpedroso.es\/wp-content\/uploads\/2022\/11\/img-arteb-02.png\" class=\"attachment-full size-full wp-image-5673\" alt=\"\" \/>\t\t\t\t\t\t\t\t\t\t\t\t\t\t\t<\/div>\n\t\t\t\t<\/div>\n\t\t\t\t<div class=\"elementor-element elementor-element-8a5832d elementor-widget__width-initial elementor-widget elementor-widget-image\" data-id=\"8a5832d\" data-element_type=\"widget\" data-e-type=\"widget\" data-settings=\"{&quot;motion_fx_motion_fx_scrolling&quot;:&quot;yes&quot;,&quot;motion_fx_translateX_effect&quot;:&quot;yes&quot;,&quot;motion_fx_translateX_direction&quot;:&quot;negative&quot;,&quot;motion_fx_translateX_speed&quot;:{&quot;unit&quot;:&quot;px&quot;,&quot;size&quot;:8,&quot;sizes&quot;:[]},&quot;motion_fx_translateX_affectedRange&quot;:{&quot;unit&quot;:&quot;%&quot;,&quot;size&quot;:&quot;&quot;,&quot;sizes&quot;:{&quot;start&quot;:0,&quot;end&quot;:50}},&quot;motion_fx_scale_effect&quot;:&quot;yes&quot;,&quot;motion_fx_scale_direction&quot;:&quot;in-out&quot;,&quot;motion_fx_scale_speed&quot;:{&quot;unit&quot;:&quot;px&quot;,&quot;size&quot;:-10,&quot;sizes&quot;:[]},&quot;motion_fx_scale_range&quot;:{&quot;unit&quot;:&quot;%&quot;,&quot;size&quot;:&quot;&quot;,&quot;sizes&quot;:{&quot;start&quot;:0,&quot;end&quot;:50}},&quot;motion_fx_devices&quot;:[&quot;desktop&quot;,&quot;tablet&quot;,&quot;mobile&quot;]}\" data-widget_type=\"image.default\">\n\t\t\t\t<div class=\"elementor-widget-container\">\n\t\t\t\t\t\t\t\t\t\t\t\t\t\t\t<img loading=\"lazy\" decoding=\"async\" width=\"135\" height=\"207\" src=\"https:\/\/turismo.elpedroso.es\/wp-content\/uploads\/2022\/11\/img-arteb-03.png\" class=\"attachment-full size-full wp-image-5674\" alt=\"\" \/>\t\t\t\t\t\t\t\t\t\t\t\t\t\t\t<\/div>\n\t\t\t\t<\/div>\n\t\t\t\t\t<\/div>\n\t\t<\/div>\n\t\t\t\t<div class=\"elementor-column elementor-col-50 elementor-top-column elementor-element elementor-element-d28db41\" data-id=\"d28db41\" data-element_type=\"column\" data-e-type=\"column\">\n\t\t\t<div class=\"elementor-widget-wrap elementor-element-populated\">\n\t\t\t\t\t\t<div class=\"elementor-element elementor-element-0ac4184 elementor-widget elementor-widget-spacer\" data-id=\"0ac4184\" data-element_type=\"widget\" data-e-type=\"widget\" data-widget_type=\"spacer.default\">\n\t\t\t\t<div class=\"elementor-widget-container\">\n\t\t\t\t\t\t\t<div class=\"elementor-spacer\">\n\t\t\t<div class=\"elementor-spacer-inner\"><\/div>\n\t\t<\/div>\n\t\t\t\t\t\t<\/div>\n\t\t\t\t<\/div>\n\t\t\t\t<div class=\"elementor-element elementor-element-9fadfc8 elementor-widget elementor-widget-heading\" data-id=\"9fadfc8\" data-element_type=\"widget\" data-e-type=\"widget\" data-widget_type=\"heading.default\">\n\t\t\t\t<div class=\"elementor-widget-container\">\n\t\t\t\t\t<h2 class=\"elementor-heading-title elementor-size-default\">RETABLO DE LA CARTUJA<\/h2>\t\t\t\t<\/div>\n\t\t\t\t<\/div>\n\t\t\t\t<div class=\"elementor-element elementor-element-e43a112 elementor-widget-divider--view-line elementor-widget elementor-widget-divider\" data-id=\"e43a112\" data-element_type=\"widget\" data-e-type=\"widget\" data-widget_type=\"divider.default\">\n\t\t\t\t<div class=\"elementor-widget-container\">\n\t\t\t\t\t\t\t<div class=\"elementor-divider\">\n\t\t\t<span class=\"elementor-divider-separator\">\n\t\t\t\t\t\t<\/span>\n\t\t<\/div>\n\t\t\t\t\t\t<\/div>\n\t\t\t\t<\/div>\n\t\t\t\t<div class=\"elementor-element elementor-element-ec7f42f elementor-widget elementor-widget-text-editor\" data-id=\"ec7f42f\" data-element_type=\"widget\" data-e-type=\"widget\" data-widget_type=\"text-editor.default\">\n\t\t\t\t<div class=\"elementor-widget-container\">\n\t\t\t\t\t\t\t\t\t<p>Retablo que consta de un cuerpo principal y un \u00e1tico, es del S. XVIII y presenta una gran originalidad de talla y atrevimiento en sus formas, con acabado de madera vista. Se 11 desconoce la identidad del autor pero por el corte de gubia de la talla se aprecia la mano de un gran maestro.<\/p><p><br \/>En el cuerpo principal hay situada una vitrina neocl\u00e1sica de madera de palosanto que tiene en su interior una talla de la Virgen del Rosario con el ni\u00f1o, datada en el S. XVII y realizada en madera policromada, parece que procede de la Cartuja de Sta. Mar\u00eda de las Cuevas de Sevilla.<\/p><p><br \/>En el \u00e1tico est\u00e1 situado un busto de la Dolorosa perteneciente a la escuela granadina del S. XVII.<\/p>\t\t\t\t\t\t\t\t<\/div>\n\t\t\t\t<\/div>\n\t\t\t\t\t<\/div>\n\t\t<\/div>\n\t\t\t\t\t<\/div>\n\t\t<\/section>\n\t\t\t\t<section class=\"elementor-section elementor-top-section elementor-element elementor-element-756888f elementor-section-height-min-height elementor-reverse-mobile elementor-hidden-desktop elementor-hidden-tablet elementor-hidden-mobile elementor-section-boxed elementor-section-height-default elementor-section-items-middle\" data-id=\"756888f\" data-element_type=\"section\" data-e-type=\"section\" data-settings=\"{&quot;background_background&quot;:&quot;classic&quot;}\">\n\t\t\t\t\t\t<div class=\"elementor-container elementor-column-gap-default\">\n\t\t\t\t\t<div class=\"elementor-column elementor-col-50 elementor-top-column elementor-element elementor-element-639d3be\" data-id=\"639d3be\" data-element_type=\"column\" data-e-type=\"column\">\n\t\t\t<div class=\"elementor-widget-wrap elementor-element-populated\">\n\t\t\t\t\t\t<div class=\"elementor-element elementor-element-84bcbf2 elementor-widget elementor-widget-spacer\" data-id=\"84bcbf2\" data-element_type=\"widget\" data-e-type=\"widget\" data-widget_type=\"spacer.default\">\n\t\t\t\t<div class=\"elementor-widget-container\">\n\t\t\t\t\t\t\t<div class=\"elementor-spacer\">\n\t\t\t<div class=\"elementor-spacer-inner\"><\/div>\n\t\t<\/div>\n\t\t\t\t\t\t<\/div>\n\t\t\t\t<\/div>\n\t\t\t\t<div class=\"elementor-element elementor-element-03483bc elementor-widget elementor-widget-heading\" data-id=\"03483bc\" data-element_type=\"widget\" data-e-type=\"widget\" data-widget_type=\"heading.default\">\n\t\t\t\t<div class=\"elementor-widget-container\">\n\t\t\t\t\t<h2 class=\"elementor-heading-title elementor-size-default\">RETABLO DE LA VIRGEN DEL ROSARIO <\/h2>\t\t\t\t<\/div>\n\t\t\t\t<\/div>\n\t\t\t\t<div class=\"elementor-element elementor-element-cc3cc04 elementor-widget-divider--view-line elementor-widget elementor-widget-divider\" data-id=\"cc3cc04\" data-element_type=\"widget\" data-e-type=\"widget\" data-widget_type=\"divider.default\">\n\t\t\t\t<div class=\"elementor-widget-container\">\n\t\t\t\t\t\t\t<div class=\"elementor-divider\">\n\t\t\t<span class=\"elementor-divider-separator\">\n\t\t\t\t\t\t<\/span>\n\t\t<\/div>\n\t\t\t\t\t\t<\/div>\n\t\t\t\t<\/div>\n\t\t\t\t<div class=\"elementor-element elementor-element-99a50e3 elementor-widget elementor-widget-text-editor\" data-id=\"99a50e3\" data-element_type=\"widget\" data-e-type=\"widget\" data-widget_type=\"text-editor.default\">\n\t\t\t\t<div class=\"elementor-widget-container\">\n\t\t\t\t\t\t\t\t\t<p>Se encuentra situado en la capilla junto a la cabecera del templo en el muro del Evangelio; el retablo pertenece al primer tercio del siglo XVII, as\u00ed lo indica una inscripci\u00f3n que aparece en el banco del mismo, donde se se\u00f1ala que el retablo se asent\u00f3 en el a\u00f1o 1630 concretamente.<\/p><p><br \/>La estructura del retablo est\u00e1 constituida por un banco, un cuerpo de tres calles y un \u00e1tico, las tres calles del cuerpo principal del retablo est\u00e1n enmarcadas por columnas estriadas de orden corintio.<\/p><p><br \/>La calle central est\u00e1 ocupada por una hornacina, en forma de medio punto, que contiene la imagen de candelero de la titular de la capilla, la Virgen del Rosario, fechada en el siglo XVIII. Esta calle est\u00e1 rematada por un front\u00f3n partido, semicircular y subdividido en tres<br \/>partes mediante dos volutas.<\/p><p><br \/>Las otras dos calles del cuerpo principal del retablo son rectas y contienen relieves, en la calle izquierda se sit\u00faa un relieve de San Juan Bautista y la calle derecha est\u00e1 ocupada por el relieve de San Pablo.<\/p>\t\t\t\t\t\t\t\t<\/div>\n\t\t\t\t<\/div>\n\t\t\t\t\t<\/div>\n\t\t<\/div>\n\t\t\t\t<div class=\"elementor-column elementor-col-50 elementor-top-column elementor-element elementor-element-75d6b5d\" data-id=\"75d6b5d\" data-element_type=\"column\" data-e-type=\"column\">\n\t\t\t<div class=\"elementor-widget-wrap elementor-element-populated\">\n\t\t\t\t\t\t<div class=\"elementor-element elementor-element-b21f6eb elementor-widget elementor-widget-image\" data-id=\"b21f6eb\" data-element_type=\"widget\" data-e-type=\"widget\" data-settings=\"{&quot;motion_fx_motion_fx_scrolling&quot;:&quot;yes&quot;,&quot;motion_fx_translateX_effect&quot;:&quot;yes&quot;,&quot;motion_fx_translateX_speed&quot;:{&quot;unit&quot;:&quot;px&quot;,&quot;size&quot;:8,&quot;sizes&quot;:[]},&quot;motion_fx_translateX_affectedRange&quot;:{&quot;unit&quot;:&quot;%&quot;,&quot;size&quot;:&quot;&quot;,&quot;sizes&quot;:{&quot;start&quot;:0,&quot;end&quot;:50}},&quot;motion_fx_scale_effect&quot;:&quot;yes&quot;,&quot;motion_fx_scale_direction&quot;:&quot;in-out&quot;,&quot;motion_fx_scale_speed&quot;:{&quot;unit&quot;:&quot;px&quot;,&quot;size&quot;:-10,&quot;sizes&quot;:[]},&quot;motion_fx_scale_range&quot;:{&quot;unit&quot;:&quot;%&quot;,&quot;size&quot;:&quot;&quot;,&quot;sizes&quot;:{&quot;start&quot;:0,&quot;end&quot;:50}},&quot;motion_fx_devices&quot;:[&quot;desktop&quot;,&quot;tablet&quot;,&quot;mobile&quot;]}\" data-widget_type=\"image.default\">\n\t\t\t\t<div class=\"elementor-widget-container\">\n\t\t\t\t\t\t\t\t\t\t\t\t\t\t\t<img loading=\"lazy\" decoding=\"async\" width=\"182\" height=\"237\" src=\"https:\/\/turismo.elpedroso.es\/wp-content\/uploads\/2022\/11\/img-arte-c-03.png\" class=\"attachment-full size-full wp-image-5676\" alt=\"\" \/>\t\t\t\t\t\t\t\t\t\t\t\t\t\t\t<\/div>\n\t\t\t\t<\/div>\n\t\t\t\t<div class=\"elementor-element elementor-element-27f291c elementor-widget elementor-widget-image\" data-id=\"27f291c\" data-element_type=\"widget\" data-e-type=\"widget\" data-settings=\"{&quot;motion_fx_motion_fx_scrolling&quot;:&quot;yes&quot;,&quot;motion_fx_translateX_effect&quot;:&quot;yes&quot;,&quot;motion_fx_translateX_speed&quot;:{&quot;unit&quot;:&quot;px&quot;,&quot;size&quot;:8,&quot;sizes&quot;:[]},&quot;motion_fx_translateX_affectedRange&quot;:{&quot;unit&quot;:&quot;%&quot;,&quot;size&quot;:&quot;&quot;,&quot;sizes&quot;:{&quot;start&quot;:0,&quot;end&quot;:50}},&quot;motion_fx_scale_effect&quot;:&quot;yes&quot;,&quot;motion_fx_scale_direction&quot;:&quot;in-out&quot;,&quot;motion_fx_scale_speed&quot;:{&quot;unit&quot;:&quot;px&quot;,&quot;size&quot;:-10,&quot;sizes&quot;:[]},&quot;motion_fx_scale_range&quot;:{&quot;unit&quot;:&quot;%&quot;,&quot;size&quot;:&quot;&quot;,&quot;sizes&quot;:{&quot;start&quot;:0,&quot;end&quot;:50}},&quot;motion_fx_devices&quot;:[&quot;desktop&quot;,&quot;tablet&quot;,&quot;mobile&quot;]}\" data-widget_type=\"image.default\">\n\t\t\t\t<div class=\"elementor-widget-container\">\n\t\t\t\t\t\t\t\t\t\t\t\t\t\t\t<img loading=\"lazy\" decoding=\"async\" width=\"203\" height=\"234\" src=\"https:\/\/turismo.elpedroso.es\/wp-content\/uploads\/2022\/11\/img-arte-c-02.png\" class=\"attachment-full size-full wp-image-5675\" alt=\"\" \/>\t\t\t\t\t\t\t\t\t\t\t\t\t\t\t<\/div>\n\t\t\t\t<\/div>\n\t\t\t\t\t<\/div>\n\t\t<\/div>\n\t\t\t\t\t<\/div>\n\t\t<\/section>\n\t\t\t\t<section class=\"elementor-section elementor-top-section elementor-element elementor-element-72241f9 elementor-section-height-min-height elementor-hidden-desktop elementor-hidden-tablet elementor-hidden-mobile elementor-section-boxed elementor-section-height-default elementor-section-items-middle\" data-id=\"72241f9\" data-element_type=\"section\" data-e-type=\"section\" data-settings=\"{&quot;background_background&quot;:&quot;classic&quot;}\">\n\t\t\t\t\t\t<div class=\"elementor-container elementor-column-gap-default\">\n\t\t\t\t\t<div class=\"elementor-column elementor-col-50 elementor-top-column elementor-element elementor-element-6df0991\" data-id=\"6df0991\" data-element_type=\"column\" data-e-type=\"column\">\n\t\t\t<div class=\"elementor-widget-wrap elementor-element-populated\">\n\t\t\t\t\t\t<div class=\"elementor-element elementor-element-91514e6 elementor-widget__width-initial elementor-widget elementor-widget-image\" data-id=\"91514e6\" data-element_type=\"widget\" data-e-type=\"widget\" data-settings=\"{&quot;motion_fx_motion_fx_scrolling&quot;:&quot;yes&quot;,&quot;motion_fx_translateX_effect&quot;:&quot;yes&quot;,&quot;motion_fx_translateX_direction&quot;:&quot;negative&quot;,&quot;motion_fx_translateX_speed&quot;:{&quot;unit&quot;:&quot;px&quot;,&quot;size&quot;:8,&quot;sizes&quot;:[]},&quot;motion_fx_translateX_affectedRange&quot;:{&quot;unit&quot;:&quot;%&quot;,&quot;size&quot;:&quot;&quot;,&quot;sizes&quot;:{&quot;start&quot;:0,&quot;end&quot;:50}},&quot;motion_fx_scale_effect&quot;:&quot;yes&quot;,&quot;motion_fx_scale_direction&quot;:&quot;in-out&quot;,&quot;motion_fx_scale_speed&quot;:{&quot;unit&quot;:&quot;px&quot;,&quot;size&quot;:-10,&quot;sizes&quot;:[]},&quot;motion_fx_scale_range&quot;:{&quot;unit&quot;:&quot;%&quot;,&quot;size&quot;:&quot;&quot;,&quot;sizes&quot;:{&quot;start&quot;:0,&quot;end&quot;:50}},&quot;motion_fx_devices&quot;:[&quot;desktop&quot;,&quot;tablet&quot;,&quot;mobile&quot;]}\" data-widget_type=\"image.default\">\n\t\t\t\t<div class=\"elementor-widget-container\">\n\t\t\t\t\t\t\t\t\t\t\t\t\t\t\t<img loading=\"lazy\" decoding=\"async\" width=\"239\" height=\"338\" src=\"https:\/\/turismo.elpedroso.es\/wp-content\/uploads\/2022\/11\/img-c-02.png\" class=\"attachment-full size-full wp-image-5680\" alt=\"\" srcset=\"https:\/\/turismo.elpedroso.es\/wp-content\/uploads\/2022\/11\/img-c-02.png 239w, https:\/\/turismo.elpedroso.es\/wp-content\/uploads\/2022\/11\/img-c-02-212x300.png 212w\" sizes=\"(max-width: 239px) 100vw, 239px\" \/>\t\t\t\t\t\t\t\t\t\t\t\t\t\t\t<\/div>\n\t\t\t\t<\/div>\n\t\t\t\t\t<\/div>\n\t\t<\/div>\n\t\t\t\t<div class=\"elementor-column elementor-col-50 elementor-top-column elementor-element elementor-element-6dbfa86\" data-id=\"6dbfa86\" data-element_type=\"column\" data-e-type=\"column\">\n\t\t\t<div class=\"elementor-widget-wrap elementor-element-populated\">\n\t\t\t\t\t\t<div class=\"elementor-element elementor-element-4090f97 elementor-widget elementor-widget-spacer\" data-id=\"4090f97\" data-element_type=\"widget\" data-e-type=\"widget\" data-widget_type=\"spacer.default\">\n\t\t\t\t<div class=\"elementor-widget-container\">\n\t\t\t\t\t\t\t<div class=\"elementor-spacer\">\n\t\t\t<div class=\"elementor-spacer-inner\"><\/div>\n\t\t<\/div>\n\t\t\t\t\t\t<\/div>\n\t\t\t\t<\/div>\n\t\t\t\t<div class=\"elementor-element elementor-element-beee172 elementor-widget elementor-widget-heading\" data-id=\"beee172\" data-element_type=\"widget\" data-e-type=\"widget\" data-widget_type=\"heading.default\">\n\t\t\t\t<div class=\"elementor-widget-container\">\n\t\t\t\t\t<h2 class=\"elementor-heading-title elementor-size-default\">EL RETABLO DE SANTA CATALINA<\/h2>\t\t\t\t<\/div>\n\t\t\t\t<\/div>\n\t\t\t\t<div class=\"elementor-element elementor-element-f5d5463 elementor-widget-divider--view-line elementor-widget elementor-widget-divider\" data-id=\"f5d5463\" data-element_type=\"widget\" data-e-type=\"widget\" data-widget_type=\"divider.default\">\n\t\t\t\t<div class=\"elementor-widget-container\">\n\t\t\t\t\t\t\t<div class=\"elementor-divider\">\n\t\t\t<span class=\"elementor-divider-separator\">\n\t\t\t\t\t\t<\/span>\n\t\t<\/div>\n\t\t\t\t\t\t<\/div>\n\t\t\t\t<\/div>\n\t\t\t\t<div class=\"elementor-element elementor-element-093fb1e elementor-widget elementor-widget-text-editor\" data-id=\"093fb1e\" data-element_type=\"widget\" data-e-type=\"widget\" data-widget_type=\"text-editor.default\">\n\t\t\t\t<div class=\"elementor-widget-container\">\n\t\t\t\t\t\t\t\t\t<p>Pr\u00f3xima la Semana Santa del a\u00f1o 2001, al desmontarse el retablo de Juan Mart\u00ednez Monta\u00f1\u00e9s para ser restaurado en Sevilla, sus autores se vieron gratamente sorprendidos, al observar que, detr\u00e1s del cuadro de la Virgen de Guadalupe, hab\u00eda otro, que result\u00f3 ser Santa Catalina de Alejandr\u00eda.<\/p><p><br \/>Una vez restaurado el cuadro de la Santa, se ha catalogado como una de las mejores obras de Hernando de Sturmio, pintor flamenco de gran prestigio en la Sevilla del primer y segundo cuarto del siglo XVI.<\/p><p><br \/>Las numerosas consultas realizadas en el fondo hist\u00f3rico del Archivo Parroquial de El Pedroso, nos hab\u00edan alertado de la posible existencia (en dicha parroquia), de una imagen de Santa Catalina, dado que, en los libros de bautismo del siglo XVI, una cifra importante de partidas de bautismos de ni\u00f1as figuran cristianizadas con el nombre de Catalina, y es frecuente, que la madres y madrinas, se llamen tambi\u00e9n Catalina \u00bfen el siglo XVI Santa Catalina era la Patrona del lugar de El Pedroso? \u00bflas pedrose\u00f1as eran muy devotas de la Santa? .<br \/>Insistimos con nuestras consultas en el archivo referenciado y descubrimos que en el legajo denominado: Libro de Posesiones de la Iglesia Parroquial. Inventarios = 1547-1611, en el folio n\u00fam. 34 figura lo siguiente: \u201cLas joyas y ornamentos que la f\u00e1brica tiene son estas \u2013 Inventario \u2013 doce d\u00edas de febrero de mill e equinientos setenta e dos a\u00f1os \u2013 Situada a la izquierda del altar mayor, es una obra realizada en el siglo XVI, del m\u00e1rmol blanco, con cabezas de \u00e1ngeles en cada uno de sus frentes.<\/p><p><br \/>1\u00ba Aunque a\u00fan no ha sido estudiada, esta imagen de candelero es una bella muestra de la imaginer\u00eda andaluza del siglo XVIII.<br \/>2\u00ba Lienzo del siglo XIX, que representa la Virgen de la Servilleta, copia de la obra que Murillo realiz\u00f3 con el mismo nombre.<\/p><p>18 Im\u00e1genes y retablos: ytem otro retablo de la ymagen de sanctacatherina questa En su altar particular es de pinzel bueno\u201d.<\/p>\t\t\t\t\t\t\t\t<\/div>\n\t\t\t\t<\/div>\n\t\t\t\t<div class=\"elementor-element elementor-element-19944a2 elementor-widget elementor-widget-spacer\" data-id=\"19944a2\" data-element_type=\"widget\" data-e-type=\"widget\" data-widget_type=\"spacer.default\">\n\t\t\t\t<div class=\"elementor-widget-container\">\n\t\t\t\t\t\t\t<div class=\"elementor-spacer\">\n\t\t\t<div class=\"elementor-spacer-inner\"><\/div>\n\t\t<\/div>\n\t\t\t\t\t\t<\/div>\n\t\t\t\t<\/div>\n\t\t\t\t\t<\/div>\n\t\t<\/div>\n\t\t\t\t\t<\/div>\n\t\t<\/section>\n\t\t\t\t<\/div>\n\t\t","protected":false},"excerpt":{"rendered":"<p>Conoce El Pedroso El Pedroso es un lugar fant\u00e1stico para conectar con tu mejor versi\u00f3n. Descubre un pueblo cargado de historia, cultura, naturaleza y mucha calidez para vivir un viaje \u00fanico en el Parque Natural de la Sierra Norte. Te abrimos sus puertas para que pases un momento de restauraci\u00f3n en su Sierra, para disfrutar [&hellip;]<\/p>\n","protected":false},"author":1,"featured_media":0,"parent":0,"menu_order":0,"comment_status":"closed","ping_status":"closed","template":"elementor_header_footer","meta":{"footnotes":""},"class_list":["post-5648","page","type-page","status-publish","hentry"],"_links":{"self":[{"href":"https:\/\/turismo.elpedroso.es\/de\/wp-json\/wp\/v2\/pages\/5648","targetHints":{"allow":["GET"]}}],"collection":[{"href":"https:\/\/turismo.elpedroso.es\/de\/wp-json\/wp\/v2\/pages"}],"about":[{"href":"https:\/\/turismo.elpedroso.es\/de\/wp-json\/wp\/v2\/types\/page"}],"author":[{"embeddable":true,"href":"https:\/\/turismo.elpedroso.es\/de\/wp-json\/wp\/v2\/users\/1"}],"replies":[{"embeddable":true,"href":"https:\/\/turismo.elpedroso.es\/de\/wp-json\/wp\/v2\/comments?post=5648"}],"version-history":[{"count":50,"href":"https:\/\/turismo.elpedroso.es\/de\/wp-json\/wp\/v2\/pages\/5648\/revisions"}],"predecessor-version":[{"id":8695,"href":"https:\/\/turismo.elpedroso.es\/de\/wp-json\/wp\/v2\/pages\/5648\/revisions\/8695"}],"wp:attachment":[{"href":"https:\/\/turismo.elpedroso.es\/de\/wp-json\/wp\/v2\/media?parent=5648"}],"curies":[{"name":"wp","href":"https:\/\/api.w.org\/{rel}","templated":true}]}}